{"id":8503,"date":"2022-02-18T12:56:33","date_gmt":"2022-02-18T12:56:33","guid":{"rendered":"https:\/\/catholic-su.rs\/kezdolap\/"},"modified":"2025-09-08T20:03:26","modified_gmt":"2025-09-08T18:03:26","slug":"szabadkai-egyhazmegye","status":"publish","type":"page","link":"https:\/\/catholic-su.rs\/hu\/","title":{"rendered":"Szabadkai Egyh\u00e1zmegye"},"content":{"rendered":"\t\t<div data-elementor-type=\"wp-page\" data-elementor-id=\"8503\" class=\"elementor elementor-8503 elementor-977\" data-elementor-post-type=\"page\">\n\t\t\t\t\t\t<section class=\"elementor-section elementor-top-section elementor-element elementor-element-83e2087 elementor-section-boxed elementor-section-height-default elementor-section-height-default\" data-id=\"83e2087\" data-element_type=\"section\" data-e-type=\"section\">\n\t\t\t\t\t\t<div class=\"elementor-container elementor-column-gap-default\">\n\t\t\t\t\t<div class=\"elementor-column elementor-col-50 elementor-top-column elementor-element elementor-element-6a93e49\" data-id=\"6a93e49\" data-element_type=\"column\" data-e-type=\"column\">\n\t\t\t<div class=\"elementor-widget-wrap elementor-element-populated\">\n\t\t\t\t\t\t<div class=\"elementor-element elementor-element-ebcc49e elementor-widget elementor-widget-prime-slider-mercury\" data-id=\"ebcc49e\" data-element_type=\"widget\" data-e-type=\"widget\" data-widget_type=\"prime-slider-mercury.default\">\n\t\t\t\t<div class=\"elementor-widget-container\">\n\t\t\t\t\t\n                    <div class=\"bdt-prime-slider-mercury\">\n        <div id=\"bdt-prime-slider-ebcc49e\" class=\"bdt-mercury-slider elementor-swiper\" data-settings=\"{&quot;autoplay&quot;:{&quot;delay&quot;:5000},&quot;loop&quot;:true,&quot;speed&quot;:900,&quot;effect&quot;:&quot;slide&quot;,&quot;gl&quot;:{&quot;shader&quot;:&quot;random&quot;},&quot;fadeEffect&quot;:{&quot;crossFade&quot;:true},&quot;lazy&quot;:{&quot;loadPrevNext&quot;:&quot;true&quot;},&quot;parallax&quot;:true,&quot;watchSlidesProgress&quot;:true,&quot;grabCursor&quot;:true,&quot;pauseOnHover&quot;:true,&quot;slidesPerView&quot;:1,&quot;loopedSlides&quot;:4,&quot;navigation&quot;:{&quot;nextEl&quot;:&quot;#bdt-prime-slider-ebcc49e .bdt-button-next&quot;,&quot;prevEl&quot;:&quot;#bdt-prime-slider-ebcc49e .bdt-button-prev&quot;},&quot;pagination&quot;:{&quot;el&quot;:&quot;#bdt-prime-slider-ebcc49e .swiper-pagination&quot;,&quot;clickable&quot;:&quot;true&quot;}}\">\n            <div class=\"bdt-mercury-image-slider swiper\" role=\"region\" aria-roledescription=\"carousel\" aria-label=\"Mercury Slider\" dir=\"ltr\">\n                <div class=\"swiper-wrapper\">\n        \n        <div class=\"bdt-item  swiper-slide\">\n            <div class=\"bdt-img-wrap\" data-reveal=\"reveal-active\">\n                <img fetchpriority=\"high\" decoding=\"async\" width=\"600\" height=\"612\" src=\"https:\/\/catholic-su.rs\/wp-content\/uploads\/2026\/08\/IMG_3198_600x1066-1.jpeg\" class=\"bdt-img swiper-lazy\" alt=\"\u201eUram, kihez k\u00fcldesz ma, hogy szolg\u00e1ljak neked?\u201d\" srcset=\"https:\/\/catholic-su.rs\/wp-content\/uploads\/2026\/08\/IMG_3198_600x1066-1.jpeg 600w, https:\/\/catholic-su.rs\/wp-content\/uploads\/2026\/08\/IMG_3198_600x1066-1-294x300.jpeg 294w\" sizes=\"(max-width: 600px) 100vw, 600px\" \/>            <\/div>\n        <\/div>\n\n        \n        <div class=\"bdt-item  swiper-slide\">\n            <div class=\"bdt-img-wrap\" data-reveal=\"reveal-active\">\n                <img decoding=\"async\" width=\"914\" height=\"785\" src=\"https:\/\/catholic-su.rs\/wp-content\/uploads\/2026\/08\/viber_image_2025-08-26_20-22-06-643.jpg\" class=\"bdt-img swiper-lazy\" alt=\"\u201eL\u00e1m, b\u00e9k\u00e9t adok: a sz\u0151l\u0151skert megtermi gy\u00fcm\u00f6lcs\u00e9t, a f\u00f6ld megadja term\u00e9s\u00e9t, az \u00e9g hullatja az es\u0151t. Ezt mind megadom e n\u00e9p marad\u00e9k\u00e1nak.\u201d (Zak 8,12)\" srcset=\"https:\/\/catholic-su.rs\/wp-content\/uploads\/2026\/08\/viber_image_2025-08-26_20-22-06-643.jpg 914w, https:\/\/catholic-su.rs\/wp-content\/uploads\/2026\/08\/viber_image_2025-08-26_20-22-06-643-300x258.jpg 300w, https:\/\/catholic-su.rs\/wp-content\/uploads\/2026\/08\/viber_image_2025-08-26_20-22-06-643-768x660.jpg 768w\" sizes=\"(max-width: 914px) 100vw, 914px\" \/>            <\/div>\n        <\/div>\n\n        \n        <div class=\"bdt-item  swiper-slide\">\n            <div class=\"bdt-img-wrap\" data-reveal=\"reveal-active\">\n                <img decoding=\"async\" width=\"600\" height=\"400\" src=\"https:\/\/catholic-su.rs\/wp-content\/uploads\/2026\/08\/773469293_2451685798663005_7889418726070090605_n_600x400.jpg\" class=\"bdt-img swiper-lazy\" alt=\"Patrona Hungariae\" srcset=\"https:\/\/catholic-su.rs\/wp-content\/uploads\/2026\/08\/773469293_2451685798663005_7889418726070090605_n_600x400.jpg 600w, https:\/\/catholic-su.rs\/wp-content\/uploads\/2026\/08\/773469293_2451685798663005_7889418726070090605_n_600x400-300x200.jpg 300w\" sizes=\"(max-width: 600px) 100vw, 600px\" \/>            <\/div>\n        <\/div>\n\n                        <\/div>\n                                <div class=\"bdt-navigation-wrap reveal-muted\">\n                    <div class=\"bdt-button-next\">\n                        <i class=\"ps-wi-arrow-right\"><\/i>\n                    <\/div>\n                    <div class=\"bdt-button-prev\">\n                        <i class=\"ps-wi-arrow-left\"><\/i>\n                    <\/div>\n                <\/div>\n                            <\/div>\n                    <div thumbsSlider=\"\" class=\"bdt-mercury-content-slider swiper\">\n                <div class=\"swiper-wrapper\">\n                    \n        <div class=\"bdt-item swiper-slide\">\n            <div class=\"bdt-content\">\n                                                    <div data-swiper-parallax=\"-200\" data-swiper-parallax-duration=\"1000\">\n                        <h3 class=\"bdt-title\" data-reveal=\"reveal-active\">\n\t\t\t\t<a href=\"https:\/\/catholic-su.rs\/hu\/uram-kihez-kuldesz-ma-hogy-szolgaljak-neked\/\" title=\"\u201eUram, kihez k\u00fcldesz ma, hogy szolg\u00e1ljak neked?\u201d\">\u201eUram, kihez k\u00fcldesz ma, hogy szolg\u00e1ljak neked?\u201d<\/a>\n\t\t\t<\/h3>                    <\/div>\n                \n                        <div class=\"bdt-desc\" data-reveal=\"reveal-active\" data-swiper-parallax=\"-150\" data-swiper-parallax-duration=\"1100\">\n            Augusztus 30-\u00e1n \u00fcnnepelt\u00e9k a K\u00f6nnyez\u0151 Sz\u0171zanya szabadkai egyh\u00e1zmegyei kegyhely\u00e9nek b\u00facs\u00faj\u00e1t Szabadka-Szentk\u00faton.        <\/div>\n        \n                                    <div class=\"bdt-meta\" data-reveal=\"reveal-active\" data-swiper-parallax=\"-300\" data-swiper-parallax-duration=\"800\">\n                                                                                <div class=\"bdt-flex bdt-flex-middle\">\n            <div class=\"bdt-date\">\n                <i class=\"ps-wi-calendar\" aria-hidden=\"true\"><\/i>\n                <span>\n                    2026.08.30.                <\/span>\n\n            <\/div>\n                    <\/div>\n\n                            <\/div>\n                \n            <\/div>\n        <\/div>\n        \n        <div class=\"bdt-item swiper-slide\">\n            <div class=\"bdt-content\">\n                                                    <div data-swiper-parallax=\"-200\" data-swiper-parallax-duration=\"1000\">\n                        <h3 class=\"bdt-title\" data-reveal=\"reveal-active\">\n\t\t\t\t<a href=\"https:\/\/catholic-su.rs\/hu\/megemlekezo-szentmise-msgr-slavko-vecerin-puspok-negyedik-evforduloja-alkalmabol\/\" title=\"\u201eL\u00e1m, b\u00e9k\u00e9t adok: a sz\u0151l\u0151skert megtermi gy\u00fcm\u00f6lcs\u00e9t, a f\u00f6ld megadja term\u00e9s\u00e9t, az \u00e9g hullatja az es\u0151t. Ezt mind megadom e n\u00e9p marad\u00e9k\u00e1nak.\u201d (Zak 8,12)\">\u201eL\u00e1m, b\u00e9k\u00e9t adok: a sz\u0151l\u0151skert megtermi gy\u00fcm\u00f6lcs\u00e9t, a f\u00f6ld megadja term\u00e9s\u00e9t, az \u00e9g hullatja az es\u0151t. Ezt mind megadom e n\u00e9p marad\u00e9k\u00e1nak.\u201d (Zak 8,12)<\/a>\n\t\t\t<\/h3>                    <\/div>\n                \n                        <div class=\"bdt-desc\" data-reveal=\"reveal-active\" data-swiper-parallax=\"-150\" data-swiper-parallax-duration=\"1100\">\n            Augusztus 26-\u00e1n Fazekas Ferenc megy\u00e9sp\u00fcsp\u00f6k megeml\u00e9kez\u0151 szentmis\u00e9t mutatott be msgr. Slavko Ve\u010derin n\u00e9hai szabadkai megy\u00e9sp\u00fcsp\u00f6k hal\u00e1l\u00e1nak negyedik \u00e9vfordul\u00f3ja alkalm\u00e1b\u00f3l.        <\/div>\n        \n                                    <div class=\"bdt-meta\" data-reveal=\"reveal-active\" data-swiper-parallax=\"-300\" data-swiper-parallax-duration=\"800\">\n                                                                                <div class=\"bdt-flex bdt-flex-middle\">\n            <div class=\"bdt-date\">\n                <i class=\"ps-wi-calendar\" aria-hidden=\"true\"><\/i>\n                <span>\n                    2026.08.26.                <\/span>\n\n            <\/div>\n                    <\/div>\n\n                            <\/div>\n                \n            <\/div>\n        <\/div>\n        \n        <div class=\"bdt-item swiper-slide\">\n            <div class=\"bdt-content\">\n                                                    <div data-swiper-parallax=\"-200\" data-swiper-parallax-duration=\"1000\">\n                        <h3 class=\"bdt-title\" data-reveal=\"reveal-active\">\n\t\t\t\t<a href=\"https:\/\/catholic-su.rs\/hu\/patrona-hungariae\/\" title=\"Patrona Hungariae\">Patrona Hungariae<\/a>\n\t\t\t<\/h3>                    <\/div>\n                \n                        <div class=\"bdt-desc\" data-reveal=\"reveal-active\" data-swiper-parallax=\"-150\" data-swiper-parallax-duration=\"1100\">\n            Nagyboldogasszony \u00fcnnep\u00e9n, augusztus 15-\u00e9n dr. F\u00e1bry Korn\u00e9l, az Esztergom-Budapesti F\u0151egyh\u00e1zmegye seg\u00e9dp\u00fcsp\u00f6ke mutatott be \u00fcnnepi szentmis\u00e9t az Avilai Szent Ter\u00e9z-sz\u00e9kesegyh\u00e1zban.         <\/div>\n        \n                                    <div class=\"bdt-meta\" data-reveal=\"reveal-active\" data-swiper-parallax=\"-300\" data-swiper-parallax-duration=\"800\">\n                                                                                <div class=\"bdt-flex bdt-flex-middle\">\n            <div class=\"bdt-date\">\n                <i class=\"ps-wi-calendar\" aria-hidden=\"true\"><\/i>\n                <span>\n                    2026.08.16.                <\/span>\n\n            <\/div>\n                    <\/div>\n\n                            <\/div>\n                \n            <\/div>\n        <\/div>\n                        <\/div>\n            <\/div>\n\n        <\/div>\n        <\/div>\n        \t\t\t\t<\/div>\n\t\t\t\t<\/div>\n\t\t\t\t<div class=\"elementor-element elementor-element-a7f57d6 uael-post__link-complete-yes uael-post__separator-left elementor-widget elementor-widget-uael-posts\" data-id=\"a7f57d6\" data-element_type=\"widget\" data-e-type=\"widget\" data-settings=\"{&quot;feed_slides_to_show_tablet&quot;:2,&quot;feed_slides_to_show_mobile&quot;:1,&quot;feed_show_filters&quot;:&quot;no&quot;}\" data-widget_type=\"uael-posts.feed\">\n\t\t\t\t<div class=\"elementor-widget-container\">\n\t\t\t\t\t\t\t<div class=\"uael-post__header\">\n\t\t\t\t\t<\/div>\n\t\t<div class=\"uael-post__body\">\n\t\t\t\n\t\t\n\t\t<div class=\"uael-post-grid uael-posts\" data-query-type=\"custom\" data-structure=\"\" data-layout=\"\" data-page=\"8503\" data-skin=\"feed\" data-filter-default=\"\" data-offset-top=\"30\" >\n\n\t\t\t\t\t\t\t<div class=\"uael-post-grid__inner uael-post__columns-1 uael-post__columns-tablet-1 uael-post__columns-mobile-1\">\n\t\t\t\n\n<div class=\"uael-post-wrapper  h\u00edrek \">\n\n\t<div class=\"uael-post__bg-wrap\">\n\t\t\t\t\t<a href=\"https:\/\/catholic-su.rs\/hu\/tegyunk-jot-egyutt-a-caritas-szabadka-keri-az-on-tamogatasat-is\/\" target=\"_self\" class=\"uael-post__complete-box-overlay\" aria-label=\"Link Complete Box\"><\/a>\n\t\t\n\t\t\n\t\t<div class=\"uael-post__inner-wrap \">\n\n\t\t\t\t<div class=\"uael-post__thumbnail\">\n\t\t\t\n\t\t\t<a href=\"https:\/\/catholic-su.rs\/hu\/tegyunk-jot-egyutt-a-caritas-szabadka-keri-az-on-tamogatasat-is\/\" target=\"_self\" title=\"Tegy\u00fcnk j\u00f3t egy\u00fctt \u2013 a Caritas Szabadka k\u00e9ri az \u00d6n t\u00e1mogat\u00e1s\u00e1t is\"><img decoding=\"async\" src=\"https:\/\/catholic-su.rs\/wp-content\/uploads\/elementor\/thumbs\/Caritas-HU-rq5e2b36fsi2vswuonns94eas5kcte44i4yzb7lork.jpg\" title=\"Caritas \u2013 HU\" alt=\"Caritas - HU\" loading=\"lazy\" \/><\/a>\n\t\t\t\t\t<\/div>\n\t\t\n\t\t\t\n\t\t\t<div class=\"uael-post__content-wrap\">\n\n\t\t\t\t\t<h3 class=\"uael-post__title\">\n\n\t\t\n\t\t\t\t\t\t<a href=\"https:\/\/catholic-su.rs\/hu\/tegyunk-jot-egyutt-a-caritas-szabadka-keri-az-on-tamogatasat-is\/\" target=\"_self\">\n\t\t\t\tTegy\u00fcnk j\u00f3t egy\u00fctt \u2013 a Caritas Szabadka k\u00e9ri az \u00d6n t\u00e1mogat\u00e1s\u00e1t is\t\t\t<\/a>\n\n\t\t\t\t<\/h3>\n\t\t<div class=\"uael-post__separator\"><\/div>\n\t\t<div class=\"uael-post__excerpt\">\n\t\t\t \ud83d\ude4f K\u00e9rj\u00fck, t\u00e1mogassa p\u00e9nzadom\u00e1nnyal a Szabadkai Caritas humanit\u00e1rius tev\u00e9kenys\u00e9g\u00e9t!\t\t<\/div>\n\n\t\t\t\t\t<div class=\"uael-post__meta-data\">\n\t\t\t\t\t<span class=\"uael-post__date\">\n\t\t\t\t\t\t\t\t\t\t\t\t\t<i aria-hidden=\"true\" class=\"fa fa-calendar\"><\/i>\t\t\t\t\t\t\t\t\t\n\t\t\t2026.07.09.\t\t<\/span>\n\t\t\t\t<\/div>\n\t\t\t\t\t<\/div>\n\t\t\t\n\t\t<\/div>\n\t\t\n\t<\/div>\n\n<\/div>\n\n\n<div class=\"uael-post-wrapper  h\u00edrek \">\n\n\t<div class=\"uael-post__bg-wrap\">\n\t\t\t\t\t<a href=\"https:\/\/catholic-su.rs\/hu\/kozos-tanusagtetel-a-hitben-szent-pal-unnepe-a-szabadkai-szekesegyhazban\/\" target=\"_self\" class=\"uael-post__complete-box-overlay\" aria-label=\"Link Complete Box\"><\/a>\n\t\t\n\t\t\n\t\t<div class=\"uael-post__inner-wrap \">\n\n\t\t\t\t<div class=\"uael-post__thumbnail\">\n\t\t\t\n\t\t\t<a href=\"https:\/\/catholic-su.rs\/hu\/kozos-tanusagtetel-a-hitben-szent-pal-unnepe-a-szabadkai-szekesegyhazban\/\" target=\"_self\" title=\"K\u00f6z\u00f6s tan\u00fas\u00e1gt\u00e9tel a hitben &#8211; Szent P\u00e1l \u00fcnnepe a szabadkai sz\u00e9kesegyh\u00e1zban\"><img decoding=\"async\" src=\"https:\/\/catholic-su.rs\/wp-content\/uploads\/elementor\/thumbs\/IMG_2408-scaled-rpqzq8y3rwacnxoubqs26x8epqmfz0yznf2t6b23z4.jpg\" title=\"IMG_2408\" alt=\"IMG_2408\" loading=\"lazy\" \/><\/a>\n\t\t\t\t\t<\/div>\n\t\t\n\t\t\t\n\t\t\t<div class=\"uael-post__content-wrap\">\n\n\t\t\t\t\t<h3 class=\"uael-post__title\">\n\n\t\t\n\t\t\t\t\t\t<a href=\"https:\/\/catholic-su.rs\/hu\/kozos-tanusagtetel-a-hitben-szent-pal-unnepe-a-szabadkai-szekesegyhazban\/\" target=\"_self\">\n\t\t\t\tK\u00f6z\u00f6s tan\u00fas\u00e1gt\u00e9tel a hitben &#8211; Szent P\u00e1l \u00fcnnepe a szabadkai sz\u00e9kesegyh\u00e1zban\t\t\t<\/a>\n\n\t\t\t\t<\/h3>\n\t\t<div class=\"uael-post__separator\"><\/div>\n\t\t<div class=\"uael-post__excerpt\">\n\t\t\tJ\u00fanius 30-\u00e1n a szabadkai Avilai Szent Ter\u00e9z-sz\u00e9kesegyh\u00e1zban \u00fcnnepi szentmis\u00e9vel tisztelegtek Szent P\u00e1l apostol, a Szabadkai Egyh\u00e1zmegye v\u00e9d\u0151szentje el\u0151tt.\t\t<\/div>\n\n\t\t\t\t\t<div class=\"uael-post__meta-data\">\n\t\t\t\t\t<span class=\"uael-post__date\">\n\t\t\t\t\t\t\t\t\t\t\t\t\t<i aria-hidden=\"true\" class=\"fa fa-calendar\"><\/i>\t\t\t\t\t\t\t\t\t\n\t\t\t2026.07.01.\t\t<\/span>\n\t\t\t\t<\/div>\n\t\t\t\t\t<\/div>\n\t\t\t\n\t\t<\/div>\n\t\t\n\t<\/div>\n\n<\/div>\n\n\n<div class=\"uael-post-wrapper  h\u00edrek \">\n\n\t<div class=\"uael-post__bg-wrap\">\n\t\t\t\t\t<a href=\"https:\/\/catholic-su.rs\/hu\/hitoktatok-kozos-talalkozoja-diakovaron\/\" target=\"_self\" class=\"uael-post__complete-box-overlay\" aria-label=\"Link Complete Box\"><\/a>\n\t\t\n\t\t\n\t\t<div class=\"uael-post__inner-wrap \">\n\n\t\t\t\t<div class=\"uael-post__thumbnail\">\n\t\t\t\n\t\t\t<a href=\"https:\/\/catholic-su.rs\/hu\/hitoktatok-kozos-talalkozoja-diakovaron\/\" target=\"_self\" title=\"Hitoktat\u00f3k k\u00f6z\u00f6s tal\u00e1lkoz\u00f3ja Diakov\u00e1ron\"><img decoding=\"async\" src=\"https:\/\/catholic-su.rs\/wp-content\/uploads\/elementor\/thumbs\/Adobe-Express-file-rpabyg6wuiqqoczd9kit6jdpupun6d0zpxqt05fmao.jpg\" title=\"Adobe Express \u2013 file\" alt=\"Adobe Express - file\" loading=\"lazy\" \/><\/a>\n\t\t\t\t\t<\/div>\n\t\t\n\t\t\t\n\t\t\t<div class=\"uael-post__content-wrap\">\n\n\t\t\t\t\t<h3 class=\"uael-post__title\">\n\n\t\t\n\t\t\t\t\t\t<a href=\"https:\/\/catholic-su.rs\/hu\/hitoktatok-kozos-talalkozoja-diakovaron\/\" target=\"_self\">\n\t\t\t\tHitoktat\u00f3k k\u00f6z\u00f6s tal\u00e1lkoz\u00f3ja Diakov\u00e1ron\t\t\t<\/a>\n\n\t\t\t\t<\/h3>\n\t\t<div class=\"uael-post__separator\"><\/div>\n\t\t<div class=\"uael-post__excerpt\">\n\t\t\tA Szabadkai Egyh\u00e1zmegye 27 hitoktat\u00f3ja r\u00e9szt vett a hitoktat\u00f3k k\u00f6z\u00f6s lelki napj\u00e1n, amelyet a Diakov\u00e1r\u2013Esz\u00e9ki F\u0151egyh\u00e1zmegye szervezett 2026. j\u00fanius 20-\u00e1n Diakov\u00e1ron.\t\t<\/div>\n\n\t\t\t\t\t<div class=\"uael-post__meta-data\">\n\t\t\t\t\t<span class=\"uael-post__date\">\n\t\t\t\t\t\t\t\t\t\t\t\t\t<i aria-hidden=\"true\" class=\"fa fa-calendar\"><\/i>\t\t\t\t\t\t\t\t\t\n\t\t\t2026.06.21.\t\t<\/span>\n\t\t\t\t<\/div>\n\t\t\t\t\t<\/div>\n\t\t\t\n\t\t<\/div>\n\t\t\n\t<\/div>\n\n<\/div>\n\n\n<div class=\"uael-post-wrapper  h\u00edrek \">\n\n\t<div class=\"uael-post__bg-wrap\">\n\t\t\t\t\t<a href=\"https:\/\/catholic-su.rs\/hu\/szent-pal-apostolnak-unnepe\/\" target=\"_self\" class=\"uael-post__complete-box-overlay\" aria-label=\"Link Complete Box\"><\/a>\n\t\t\n\t\t\n\t\t<div class=\"uael-post__inner-wrap \">\n\n\t\t\t\t<div class=\"uael-post__thumbnail\">\n\t\t\t\n\t\t\t<a href=\"https:\/\/catholic-su.rs\/hu\/szent-pal-apostolnak-unnepe\/\" target=\"_self\" title=\"Megh\u00edv\u00f3 Szent P\u00e1l apostol f\u0151\u00fcnnep\u00e9re\"><img decoding=\"async\" src=\"https:\/\/catholic-su.rs\/wp-content\/uploads\/elementor\/thumbs\/SzentPal-Junius_600x750-rp06y7ic06qr8bwz1mmkefkgo0fe0f6ifs5gdslm74.png\" title=\"SzentPal-Junius_600x750\" alt=\"SzentPal-Junius_600x750\" loading=\"lazy\" \/><\/a>\n\t\t\t\t\t<\/div>\n\t\t\n\t\t\t\n\t\t\t<div class=\"uael-post__content-wrap\">\n\n\t\t\t\t\t<h3 class=\"uael-post__title\">\n\n\t\t\n\t\t\t\t\t\t<a href=\"https:\/\/catholic-su.rs\/hu\/szent-pal-apostolnak-unnepe\/\" target=\"_self\">\n\t\t\t\tMegh\u00edv\u00f3 Szent P\u00e1l apostol f\u0151\u00fcnnep\u00e9re\t\t\t<\/a>\n\n\t\t\t\t<\/h3>\n\t\t<div class=\"uael-post__separator\"><\/div>\n\t\t<div class=\"uael-post__excerpt\">\n\t\t\t\u00dcnnepelj\u00fck egy\u00fctt Szent P\u00e1l apostolt, a Szabadkai Egyh\u00e1zmegye f\u0151v\u00e9d\u0151szentj\u00e9t!\t\t<\/div>\n\n\t\t\t\t\t<div class=\"uael-post__meta-data\">\n\t\t\t\t\t<span class=\"uael-post__date\">\n\t\t\t\t\t\t\t\t\t\t\t\t\t<i aria-hidden=\"true\" class=\"fa fa-calendar\"><\/i>\t\t\t\t\t\t\t\t\t\n\t\t\t2026.06.15.\t\t<\/span>\n\t\t\t\t<\/div>\n\t\t\t\t\t<\/div>\n\t\t\t\n\t\t<\/div>\n\t\t\n\t<\/div>\n\n<\/div>\n\n\n<div class=\"uael-post-wrapper  h\u00edrek \">\n\n\t<div class=\"uael-post__bg-wrap\">\n\t\t\t\t\t<a href=\"https:\/\/catholic-su.rs\/hu\/jezus-az-elet-kenyere\/\" target=\"_self\" class=\"uael-post__complete-box-overlay\" aria-label=\"Link Complete Box\"><\/a>\n\t\t\n\t\t\n\t\t<div class=\"uael-post__inner-wrap \">\n\n\t\t\t\t<div class=\"uael-post__thumbnail\">\n\t\t\t\n\t\t\t<a href=\"https:\/\/catholic-su.rs\/hu\/jezus-az-elet-kenyere\/\" target=\"_self\" title=\"J\u00e9zus, az \u00e9let kenyere\"><img decoding=\"async\" src=\"https:\/\/catholic-su.rs\/wp-content\/uploads\/elementor\/thumbs\/image-600x6001-1-rohrxpvzkwkwe6889cc22k967569fwxk5q764anbfk.png\" title=\"image-600\u00d7600(1)\" alt=\"image-600x600(1)\" loading=\"lazy\" \/><\/a>\n\t\t\t\t\t<\/div>\n\t\t\n\t\t\t\n\t\t\t<div class=\"uael-post__content-wrap\">\n\n\t\t\t\t\t<h3 class=\"uael-post__title\">\n\n\t\t\n\t\t\t\t\t\t<a href=\"https:\/\/catholic-su.rs\/hu\/jezus-az-elet-kenyere\/\" target=\"_self\">\n\t\t\t\tJ\u00e9zus, az \u00e9let kenyere\t\t\t<\/a>\n\n\t\t\t\t<\/h3>\n\t\t<div class=\"uael-post__separator\"><\/div>\n\t\t<div class=\"uael-post__excerpt\">\n\t\t\tA katolikus egyh\u00e1z p\u00fcnk\u00f6sd ut\u00e1n t\u00edz nappal \u00farnapj\u00e1t \u00fcnnepli. Az idei \u00fcnnep j\u00fanius 4-\u00e9re, cs\u00fct\u00f6rt\u00f6kre esett. Szabadk\u00e1n Fazekas Ferenc megy\u00e9sp\u00fcsp\u00f6k k\u00e9tnyelv\u0171, \u00fcnnepi szentmis\u00e9t celebr\u00e1lt a ...\t\t<\/div>\n\n\t\t\t\t\t<div class=\"uael-post__meta-data\">\n\t\t\t\t\t<span class=\"uael-post__date\">\n\t\t\t\t\t\t\t\t\t\t\t\t\t<i aria-hidden=\"true\" class=\"fa fa-calendar\"><\/i>\t\t\t\t\t\t\t\t\t\n\t\t\t2026.06.05.\t\t<\/span>\n\t\t\t\t<\/div>\n\t\t\t\t\t<\/div>\n\t\t\t\n\t\t<\/div>\n\t\t\n\t<\/div>\n\n<\/div>\n\n\n<div class=\"uael-post-wrapper  h\u00edrek \">\n\n\t<div class=\"uael-post__bg-wrap\">\n\t\t\t\t\t<a href=\"https:\/\/catholic-su.rs\/hu\/vegyetek-a-szentlelket-jn-2022-23\/\" target=\"_self\" class=\"uael-post__complete-box-overlay\" aria-label=\"Link Complete Box\"><\/a>\n\t\t\n\t\t\n\t\t<div class=\"uael-post__inner-wrap \">\n\n\t\t\t\t<div class=\"uael-post__thumbnail\">\n\t\t\t\n\t\t\t<a href=\"https:\/\/catholic-su.rs\/hu\/vegyetek-a-szentlelket-jn-2022-23\/\" target=\"_self\" title=\"Vegy\u00e9tek a Szentlelket!   (Jn 20,22\u201323)\"><img decoding=\"async\" src=\"https:\/\/catholic-su.rs\/wp-content\/uploads\/elementor\/thumbs\/image-600x600-2-rnyjpuugrt61dtpvr3f7ai3znu0479t0zv04dtkqe8.png\" title=\"image-600\u00d7600\" alt=\"image-600x600\" loading=\"lazy\" \/><\/a>\n\t\t\t\t\t<\/div>\n\t\t\n\t\t\t\n\t\t\t<div class=\"uael-post__content-wrap\">\n\n\t\t\t\t\t<h3 class=\"uael-post__title\">\n\n\t\t\n\t\t\t\t\t\t<a href=\"https:\/\/catholic-su.rs\/hu\/vegyetek-a-szentlelket-jn-2022-23\/\" target=\"_self\">\n\t\t\t\tVegy\u00e9tek a Szentlelket!   (Jn 20,22\u201323)\t\t\t<\/a>\n\n\t\t\t\t<\/h3>\n\t\t<div class=\"uael-post__separator\"><\/div>\n\t\t<div class=\"uael-post__excerpt\">\n\t\t\tP\u00fcnk\u00f6sdvas\u00e1rnap Fazekas Ferenc megy\u00e9sp\u00fcsp\u00f6k vezette az \u00fcnnepi szentmis\u00e9t a szabadkai Avilai Szent Ter\u00e9z-sz\u00e9kesegyh\u00e1zban, \u00e9s egyben kiszolg\u00e1ltatta a b\u00e9rm\u00e1l\u00e1s szents\u00e9g\u00e9t az idei b\u00e9rm\u00e1lkoz\u00f3knak, akik valamennyi szabadkai ...\t\t<\/div>\n\n\t\t\t\t\t<div class=\"uael-post__meta-data\">\n\t\t\t\t\t<span class=\"uael-post__date\">\n\t\t\t\t\t\t\t\t\t\t\t\t\t<i aria-hidden=\"true\" class=\"fa fa-calendar\"><\/i>\t\t\t\t\t\t\t\t\t\n\t\t\t2026.05.25.\t\t<\/span>\n\t\t\t\t<\/div>\n\t\t\t\t\t<\/div>\n\t\t\t\n\t\t<\/div>\n\t\t\n\t<\/div>\n\n<\/div>\n\t\t\t\t<\/div>\n\t\t\t\t\t\t\n\t\t<\/div>\n\n\t\t\t\t\t\t<\/div>\n\t\t<div class=\"uael-post__footer\">\n\t\t\t\t\t<\/div>\n\t\t\t\t\t\t<\/div>\n\t\t\t\t<\/div>\n\t\t\t\t<div class=\"elementor-element elementor-element-153e0d9 elementor-align-center elementor-widget elementor-widget-button\" data-id=\"153e0d9\" data-element_type=\"widget\" data-e-type=\"widget\" data-widget_type=\"button.default\">\n\t\t\t\t<div class=\"elementor-widget-container\">\n\t\t\t\t\t\t\t\t\t<div class=\"elementor-button-wrapper\">\n\t\t\t\t\t<a class=\"elementor-button elementor-button-link elementor-size-sm\" href=\"https:\/\/catholic-su.rs\/hu\/hirek\/\">\n\t\t\t\t\t\t<span class=\"elementor-button-content-wrapper\">\n\t\t\t\t\t\t\t\t\t<span class=\"elementor-button-text\">Arch\u00edvum<\/span>\n\t\t\t\t\t<\/span>\n\t\t\t\t\t<\/a>\n\t\t\t\t<\/div>\n\t\t\t\t\t\t\t\t<\/div>\n\t\t\t\t<\/div>\n\t\t\t\t\t<\/div>\n\t\t<\/div>\n\t\t\t\t<div class=\"elementor-column elementor-col-50 elementor-top-column elementor-element elementor-element-91c9404\" data-id=\"91c9404\" data-element_type=\"column\" data-e-type=\"column\" data-settings=\"{&quot;background_background&quot;:&quot;classic&quot;}\">\n\t\t\t<div class=\"elementor-widget-wrap elementor-element-populated\">\n\t\t\t\t\t\t<section class=\"elementor-section elementor-inner-section elementor-element elementor-element-ea0f888 elementor-section-boxed elementor-section-height-default elementor-section-height-default\" data-id=\"ea0f888\" data-element_type=\"section\" data-e-type=\"section\">\n\t\t\t\t\t\t<div class=\"elementor-container elementor-column-gap-default\">\n\t\t\t\t\t<div class=\"elementor-column elementor-col-100 elementor-inner-column elementor-element elementor-element-5afc7b6\" data-id=\"5afc7b6\" data-element_type=\"column\" data-e-type=\"column\">\n\t\t\t<div class=\"elementor-widget-wrap elementor-element-populated\">\n\t\t\t\t\t\t<div class=\"elementor-element elementor-element-904a544 elementor-widget elementor-widget-image\" data-id=\"904a544\" data-element_type=\"widget\" data-e-type=\"widget\" data-widget_type=\"image.default\">\n\t\t\t\t<div class=\"elementor-widget-container\">\n\t\t\t\t\t\t\t\t\t\t\t\t\t\t\t\t<a href=\"https:\/\/www.magyarkurir.hu\/\" target=\"_blank\">\n\t\t\t\t\t\t\t<img loading=\"lazy\" decoding=\"async\" width=\"330\" height=\"144\" src=\"https:\/\/catholic-su.rs\/wp-content\/uploads\/2022\/10\/magyar-kurir.jpg\" class=\"attachment-full size-full wp-image-21564\" alt=\"\" srcset=\"https:\/\/catholic-su.rs\/wp-content\/uploads\/2022\/10\/magyar-kurir.jpg 330w, https:\/\/catholic-su.rs\/wp-content\/uploads\/2022\/10\/magyar-kurir-300x131.jpg 300w\" sizes=\"(max-width: 330px) 100vw, 330px\" \/>\t\t\t\t\t\t\t\t<\/a>\n\t\t\t\t\t\t\t\t\t\t\t\t\t\t\t<\/div>\n\t\t\t\t<\/div>\n\t\t\t\t<div class=\"elementor-element elementor-element-8774fae elementor-widget elementor-widget-image\" data-id=\"8774fae\" data-element_type=\"widget\" data-e-type=\"widget\" data-widget_type=\"image.default\">\n\t\t\t\t<div class=\"elementor-widget-container\">\n\t\t\t\t\t\t\t\t\t\t\t\t\t\t\t\t<a href=\"https:\/\/www.vaticannews.va\/hu.html\" target=\"_blank\">\n\t\t\t\t\t\t\t<img loading=\"lazy\" decoding=\"async\" width=\"330\" height=\"144\" src=\"https:\/\/catholic-su.rs\/wp-content\/uploads\/2022\/11\/vatican.jpg\" class=\"attachment-full size-full wp-image-24990\" alt=\"\" srcset=\"https:\/\/catholic-su.rs\/wp-content\/uploads\/2022\/11\/vatican.jpg 330w, https:\/\/catholic-su.rs\/wp-content\/uploads\/2022\/11\/vatican-300x131.jpg 300w\" sizes=\"(max-width: 330px) 100vw, 330px\" \/>\t\t\t\t\t\t\t\t<\/a>\n\t\t\t\t\t\t\t\t\t\t\t\t\t\t\t<\/div>\n\t\t\t\t<\/div>\n\t\t\t\t<div class=\"elementor-element elementor-element-196331a elementor-widget elementor-widget-image\" data-id=\"196331a\" data-element_type=\"widget\" data-e-type=\"widget\" data-widget_type=\"image.default\">\n\t\t\t\t<div class=\"elementor-widget-container\">\n\t\t\t\t\t\t\t\t\t\t\t\t\t\t\t\t<a href=\"https:\/\/katolikus.hu\/\" target=\"_blank\">\n\t\t\t\t\t\t\t<img loading=\"lazy\" decoding=\"async\" width=\"330\" height=\"144\" src=\"https:\/\/catholic-su.rs\/wp-content\/uploads\/2022\/10\/magyar-katolikus-egyhas.jpg\" class=\"attachment-full size-full wp-image-21562\" alt=\"\" srcset=\"https:\/\/catholic-su.rs\/wp-content\/uploads\/2022\/10\/magyar-katolikus-egyhas.jpg 330w, https:\/\/catholic-su.rs\/wp-content\/uploads\/2022\/10\/magyar-katolikus-egyhas-300x131.jpg 300w\" sizes=\"(max-width: 330px) 100vw, 330px\" \/>\t\t\t\t\t\t\t\t<\/a>\n\t\t\t\t\t\t\t\t\t\t\t\t\t\t\t<\/div>\n\t\t\t\t<\/div>\n\t\t\t\t<div class=\"elementor-element elementor-element-d5233ff elementor-widget elementor-widget-image\" data-id=\"d5233ff\" data-element_type=\"widget\" data-e-type=\"widget\" data-widget_type=\"image.default\">\n\t\t\t\t<div class=\"elementor-widget-container\">\n\t\t\t\t\t\t\t\t\t\t\t\t\t\t\t\t<a href=\"https:\/\/romkat.ro\/cimke\/romaniai-katolikus-puspoki-konferencia\/\" target=\"_blank\">\n\t\t\t\t\t\t\t<img loading=\"lazy\" decoding=\"async\" width=\"330\" height=\"144\" src=\"https:\/\/catholic-su.rs\/wp-content\/uploads\/2023\/01\/romkat-ro.jpg\" class=\"attachment-full size-full wp-image-26612\" alt=\"\" srcset=\"https:\/\/catholic-su.rs\/wp-content\/uploads\/2023\/01\/romkat-ro.jpg 330w, https:\/\/catholic-su.rs\/wp-content\/uploads\/2023\/01\/romkat-ro-300x131.jpg 300w\" sizes=\"(max-width: 330px) 100vw, 330px\" \/>\t\t\t\t\t\t\t\t<\/a>\n\t\t\t\t\t\t\t\t\t\t\t\t\t\t\t<\/div>\n\t\t\t\t<\/div>\n\t\t\t\t<div class=\"elementor-element elementor-element-a74034a elementor-widget elementor-widget-image\" data-id=\"a74034a\" data-element_type=\"widget\" data-e-type=\"widget\" data-widget_type=\"image.default\">\n\t\t\t\t<div class=\"elementor-widget-container\">\n\t\t\t\t\t\t\t\t\t\t\t\t\t\t\t\t<a href=\"http:\/\/www.catholic-zr.org.rs\/\" target=\"_blank\">\n\t\t\t\t\t\t\t<img loading=\"lazy\" decoding=\"async\" width=\"330\" height=\"144\" src=\"https:\/\/catholic-su.rs\/wp-content\/uploads\/2025\/03\/zrenjaninska.jpg\" class=\"attachment-full size-full wp-image-42864\" alt=\"\" srcset=\"https:\/\/catholic-su.rs\/wp-content\/uploads\/2025\/03\/zrenjaninska.jpg 330w, https:\/\/catholic-su.rs\/wp-content\/uploads\/2025\/03\/zrenjaninska-300x131.jpg 300w\" sizes=\"(max-width: 330px) 100vw, 330px\" \/>\t\t\t\t\t\t\t\t<\/a>\n\t\t\t\t\t\t\t\t\t\t\t\t\t\t\t<\/div>\n\t\t\t\t<\/div>\n\t\t\t\t<div class=\"elementor-element elementor-element-a63c0a2 elementor-widget elementor-widget-image\" data-id=\"a63c0a2\" data-element_type=\"widget\" data-e-type=\"widget\" data-widget_type=\"image.default\">\n\t\t\t\t<div class=\"elementor-widget-container\">\n\t\t\t\t\t\t\t\t\t\t\t\t\t\t\t\t<a href=\"https:\/\/katolikus.tv\/\" target=\"_blank\">\n\t\t\t\t\t\t\t<img loading=\"lazy\" decoding=\"async\" width=\"330\" height=\"144\" src=\"https:\/\/catholic-su.rs\/wp-content\/uploads\/2023\/01\/ewtn.jpg\" class=\"attachment-full size-full wp-image-26602\" alt=\"\" srcset=\"https:\/\/catholic-su.rs\/wp-content\/uploads\/2023\/01\/ewtn.jpg 330w, https:\/\/catholic-su.rs\/wp-content\/uploads\/2023\/01\/ewtn-300x131.jpg 300w\" sizes=\"(max-width: 330px) 100vw, 330px\" \/>\t\t\t\t\t\t\t\t<\/a>\n\t\t\t\t\t\t\t\t\t\t\t\t\t\t\t<\/div>\n\t\t\t\t<\/div>\n\t\t\t\t<div class=\"elementor-element elementor-element-5691375 elementor-widget elementor-widget-image\" data-id=\"5691375\" data-element_type=\"widget\" data-e-type=\"widget\" data-widget_type=\"image.default\">\n\t\t\t\t<div class=\"elementor-widget-container\">\n\t\t\t\t\t\t\t\t\t\t\t\t\t\t\t\t<a href=\"https:\/\/www.mariaradio.rs\/\" target=\"_blank\">\n\t\t\t\t\t\t\t<img loading=\"lazy\" decoding=\"async\" width=\"330\" height=\"144\" src=\"https:\/\/catholic-su.rs\/wp-content\/uploads\/2023\/01\/maria-radio-hu.jpg\" class=\"attachment-full size-full wp-image-26604\" alt=\"\" srcset=\"https:\/\/catholic-su.rs\/wp-content\/uploads\/2023\/01\/maria-radio-hu.jpg 330w, https:\/\/catholic-su.rs\/wp-content\/uploads\/2023\/01\/maria-radio-hu-300x131.jpg 300w\" sizes=\"(max-width: 330px) 100vw, 330px\" \/>\t\t\t\t\t\t\t\t<\/a>\n\t\t\t\t\t\t\t\t\t\t\t\t\t\t\t<\/div>\n\t\t\t\t<\/div>\n\t\t\t\t<div class=\"elementor-element elementor-element-10ca7ef elementor-widget elementor-widget-image\" data-id=\"10ca7ef\" data-element_type=\"widget\" data-e-type=\"widget\" data-widget_type=\"image.default\">\n\t\t\t\t<div class=\"elementor-widget-container\">\n\t\t\t\t\t\t\t\t\t\t\t\t\t\t\t\t<a href=\"https:\/\/www.agensir.it\/\" target=\"_blank\">\n\t\t\t\t\t\t\t<img loading=\"lazy\" decoding=\"async\" width=\"330\" height=\"144\" src=\"https:\/\/catholic-su.rs\/wp-content\/uploads\/2022\/11\/sir.jpg\" class=\"attachment-full size-full wp-image-24992\" alt=\"\" srcset=\"https:\/\/catholic-su.rs\/wp-content\/uploads\/2022\/11\/sir.jpg 330w, https:\/\/catholic-su.rs\/wp-content\/uploads\/2022\/11\/sir-300x131.jpg 300w\" sizes=\"(max-width: 330px) 100vw, 330px\" \/>\t\t\t\t\t\t\t\t<\/a>\n\t\t\t\t\t\t\t\t\t\t\t\t\t\t\t<\/div>\n\t\t\t\t<\/div>\n\t\t\t\t\t<\/div>\n\t\t<\/div>\n\t\t\t\t\t<\/div>\n\t\t<\/section>\n\t\t\t\t\t<\/div>\n\t\t<\/div>\n\t\t\t\t\t<\/div>\n\t\t<\/section>\n\t\t\t\t<\/div>\n\t\t","protected":false},"excerpt":{"rendered":"<p> [&hellip;]<\/p>\n","protected":false},"author":1,"featured_media":0,"parent":0,"menu_order":0,"comment_status":"closed","ping_status":"closed","template":"","meta":{"site-sidebar-layout":"no-sidebar","site-content-layout":"page-builder","ast-site-content-layout":"full-width-container","site-content-style":"unboxed","site-sidebar-style":"unboxed","ast-global-header-display":"","ast-banner-title-visibility":"","ast-main-header-display":"","ast-hfb-above-header-display":"","ast-hfb-below-header-display":"","ast-hfb-mobile-header-display":"","site-post-title":"disabled","ast-breadcrumbs-content":"","ast-featured-img":"disabled","footer-sml-layout":"","ast-disable-related-posts":"","theme-transparent-header-meta":"disabled","adv-header-id-meta":"","stick-header-meta":"default","header-above-stick-meta":"","header-main-stick-meta":"","header-below-stick-meta":"","astra-migrate-meta-layouts":"set","ast-page-background-enabled":"default","ast-page-background-meta":{"desktop":{"background-color":"","background-image":"","background-repeat":"repeat","background-position":"center center","background-size":"auto","background-attachment":"scroll","background-type":"","background-media":"","overlay-type":"","overlay-color":"","overlay-opacity":"","overlay-gradient":""},"tablet":{"background-color":"","background-image":"","background-repeat":"repeat","background-position":"center center","background-size":"auto","background-attachment":"scroll","background-type":"","background-media":"","overlay-type":"","overlay-color":"","overlay-opacity":"","overlay-gradient":""},"mobile":{"background-color":"","background-image":"","background-repeat":"repeat","background-position":"center center","background-size":"auto","background-attachment":"scroll","background-type":"","background-media":"","overlay-type":"","overlay-color":"","overlay-opacity":"","overlay-gradient":""}},"ast-content-background-meta":{"desktop":{"background-color":"var(--ast-global-color-5)","background-image":"","background-repeat":"repeat","background-position":"center center","background-size":"auto","background-attachment":"scroll","background-type":"","background-media":"","overlay-type":"","overlay-color":"","overlay-opacity":"","overlay-gradient":""},"tablet":{"background-color":"var(--ast-global-color-5)","background-image":"","background-repeat":"repeat","background-position":"center center","background-size":"auto","background-attachment":"scroll","background-type":"","background-media":"","overlay-type":"","overlay-color":"","overlay-opacity":"","overlay-gradient":""},"mobile":{"background-color":"var(--ast-global-color-5)","background-image":"","background-repeat":"repeat","background-position":"center center","background-size":"auto","background-attachment":"scroll","background-type":"","background-media":"","overlay-type":"","overlay-color":"","overlay-opacity":"","overlay-gradient":""}},"footnotes":""},"class_list":["post-8503","page","type-page","status-publish","hentry"],"_links":{"self":[{"href":"https:\/\/catholic-su.rs\/hu\/wp-json\/wp\/v2\/pages\/8503","targetHints":{"allow":["GET"]}}],"collection":[{"href":"https:\/\/catholic-su.rs\/hu\/wp-json\/wp\/v2\/pages"}],"about":[{"href":"https:\/\/catholic-su.rs\/hu\/wp-json\/wp\/v2\/types\/page"}],"author":[{"embeddable":true,"href":"https:\/\/catholic-su.rs\/hu\/wp-json\/wp\/v2\/users\/1"}],"replies":[{"embeddable":true,"href":"https:\/\/catholic-su.rs\/hu\/wp-json\/wp\/v2\/comments?post=8503"}],"version-history":[{"count":5,"href":"https:\/\/catholic-su.rs\/hu\/wp-json\/wp\/v2\/pages\/8503\/revisions"}],"predecessor-version":[{"id":45784,"href":"https:\/\/catholic-su.rs\/hu\/wp-json\/wp\/v2\/pages\/8503\/revisions\/45784"}],"wp:attachment":[{"href":"https:\/\/catholic-su.rs\/hu\/wp-json\/wp\/v2\/media?parent=8503"}],"curies":[{"name":"wp","href":"https:\/\/api.w.org\/{rel}","templated":true}]}}