{"version":"1.0","provider_name":"Szabadkai Egyh\u00e1zmegye","provider_url":"https:\/\/catholic-su.rs\/hu\/","author_name":"jelena.temunovic","author_url":"https:\/\/catholic-su.rs\/hu\/author\/jelena-temunovic\/","title":"P\u00fcsp\u00f6ki szentmise az \u00f6kumenikus imah\u00e9t z\u00e1r\u00f3napj\u00e1n | Szabadkai Egyh\u00e1zmegye","type":"rich","width":600,"height":338,"html":"<blockquote class=\"wp-embedded-content\" data-secret=\"3GxOuRUbcT\"><a href=\"https:\/\/catholic-su.rs\/hu\/puspoki-szentmise-az-okumenikus-imahet-zaronapjan\/\">P\u00fcsp\u00f6ki szentmise az \u00f6kumenikus imah\u00e9t z\u00e1r\u00f3napj\u00e1n<\/a><\/blockquote><iframe sandbox=\"allow-scripts\" security=\"restricted\" src=\"https:\/\/catholic-su.rs\/hu\/puspoki-szentmise-az-okumenikus-imahet-zaronapjan\/embed\/#?secret=3GxOuRUbcT\" width=\"600\" height=\"338\" title=\"&#8220;P\u00fcsp\u00f6ki szentmise az \u00f6kumenikus imah\u00e9t z\u00e1r\u00f3napj\u00e1n&#8221; &#8212; Szabadkai Egyh\u00e1zmegye\" data-secret=\"3GxOuRUbcT\" frameborder=\"0\" marginwidth=\"0\" marginheight=\"0\" scrolling=\"no\" class=\"wp-embedded-content\"><\/iframe><script>\n\/*! This file is auto-generated *\/\n!function(d,l){\"use strict\";l.querySelector&&d.addEventListener&&\"undefined\"!=typeof URL&&(d.wp=d.wp||{},d.wp.receiveEmbedMessage||(d.wp.receiveEmbedMessage=function(e){var t=e.data;if((t||t.secret||t.message||t.value)&&!\/[^a-zA-Z0-9]\/.test(t.secret)){for(var s,r,n,a=l.querySelectorAll('iframe[data-secret=\"'+t.secret+'\"]'),o=l.querySelectorAll('blockquote[data-secret=\"'+t.secret+'\"]'),c=new RegExp(\"^https?:$\",\"i\"),i=0;i<o.length;i++)o[i].style.display=\"none\";for(i=0;i<a.length;i++)s=a[i],e.source===s.contentWindow&&(s.removeAttribute(\"style\"),\"height\"===t.message?(1e3<(r=parseInt(t.value,10))?r=1e3:~~r<200&&(r=200),s.height=r):\"link\"===t.message&&(r=new URL(s.getAttribute(\"src\")),n=new URL(t.value),c.test(n.protocol))&&n.host===r.host&&l.activeElement===s&&(d.top.location.href=t.value))}},d.addEventListener(\"message\",d.wp.receiveEmbedMessage,!1),l.addEventListener(\"DOMContentLoaded\",function(){for(var e,t,s=l.querySelectorAll(\"iframe.wp-embedded-content\"),r=0;r<s.length;r++)(t=(e=s[r]).getAttribute(\"data-secret\"))||(t=Math.random().toString(36).substring(2,12),e.src+=\"#?secret=\"+t,e.setAttribute(\"data-secret\",t)),e.contentWindow.postMessage({message:\"ready\",secret:t},\"*\")},!1)))}(window,document);\n\/\/# sourceURL=https:\/\/catholic-su.rs\/wp-includes\/js\/wp-embed.min.js\n<\/script>\n","thumbnail_url":"https:\/\/catholic-su.rs\/wp-content\/uploads\/2024\/01\/okumenikus-imahet.jpg","thumbnail_width":2048,"thumbnail_height":1366,"description":"Fazekas Ferenc megy\u00e9sp\u00fcsp\u00f6k \u00far szentmis\u00e9t mutatott be a kereszt\u00e9nyek egys\u00e9g\u00e9\u00e9rt \u00e9s a vil\u00e1gb\u00e9k\u00e9\u00e9rt az \u00f6kumenikus imah\u00e9t z\u00e1r\u00f3napj\u00e1n a magyarkanizsai Szent \u0150rangyalok pl\u00e9b\u00e1niatemplomban."}