{"id":3647,"date":"2021-06-10T14:07:59","date_gmt":"2021-06-10T14:07:59","guid":{"rendered":"https:\/\/catholic-su.rs\/?page_id=3647"},"modified":"2024-12-03T16:35:45","modified_gmt":"2024-12-03T15:35:45","slug":"novosti","status":"publish","type":"page","link":"https:\/\/catholic-su.rs\/hr\/novosti\/","title":{"rendered":"Novosti"},"content":{"rendered":"\t\t<div data-elementor-type=\"wp-page\" data-elementor-id=\"3647\" class=\"elementor elementor-3647\" data-elementor-post-type=\"page\">\n\t\t\t\t\t\t<section class=\"elementor-section elementor-top-section elementor-element elementor-element-3cf414b elementor-section-height-min-height elementor-section-content-middle elementor-section-boxed elementor-section-height-default elementor-section-items-middle\" data-id=\"3cf414b\" data-element_type=\"section\" data-e-type=\"section\" data-settings=\"{&quot;background_background&quot;:&quot;classic&quot;}\">\n\t\t\t\t\t\t<div class=\"elementor-container elementor-column-gap-default\">\n\t\t\t\t\t<div class=\"elementor-column elementor-col-50 elementor-top-column elementor-element elementor-element-10ca8044\" data-id=\"10ca8044\" data-element_type=\"column\" data-e-type=\"column\">\n\t\t\t<div class=\"elementor-widget-wrap elementor-element-populated\">\n\t\t\t\t\t\t<div class=\"elementor-element elementor-element-78db7087 elementor-widget elementor-widget-image\" data-id=\"78db7087\" data-element_type=\"widget\" data-e-type=\"widget\" data-widget_type=\"image.default\">\n\t\t\t\t<div class=\"elementor-widget-container\">\n\t\t\t\t\t\t\t\t\t\t\t\t\t\t\t\t<a href=\"https:\/\/catholic-su.rs\/hr\/\">\n\t\t\t\t\t\t\t<img decoding=\"async\" width=\"190\" height=\"101\" src=\"https:\/\/catholic-su.rs\/wp-content\/uploads\/2022\/10\/logoi-hr-1-1.png\" class=\"attachment-full size-full wp-image-21578\" alt=\"\" \/>\t\t\t\t\t\t\t\t<\/a>\n\t\t\t\t\t\t\t\t\t\t\t\t\t\t\t<\/div>\n\t\t\t\t<\/div>\n\t\t\t\t\t<\/div>\n\t\t<\/div>\n\t\t\t\t<div class=\"elementor-column elementor-col-50 elementor-top-column elementor-element elementor-element-1f23aa27\" data-id=\"1f23aa27\" data-element_type=\"column\" data-e-type=\"column\">\n\t\t\t<div class=\"elementor-widget-wrap\">\n\t\t\t\t\t\t\t<\/div>\n\t\t<\/div>\n\t\t\t\t\t<\/div>\n\t\t<\/section>\n\t\t\t\t<section class=\"elementor-section elementor-top-section elementor-element elementor-element-421c993 elementor-section-boxed elementor-section-height-default elementor-section-height-default\" data-id=\"421c993\" data-element_type=\"section\" data-e-type=\"section\">\n\t\t\t\t\t\t<div class=\"elementor-container elementor-column-gap-default\">\n\t\t\t\t\t<div class=\"elementor-column elementor-col-100 elementor-top-column elementor-element elementor-element-1aa39c2\" data-id=\"1aa39c2\" data-element_type=\"column\" data-e-type=\"column\" data-settings=\"{&quot;background_background&quot;:&quot;classic&quot;}\">\n\t\t\t<div class=\"elementor-widget-wrap elementor-element-populated\">\n\t\t\t\t\t\t<div class=\"elementor-element elementor-element-dc985b8 elementor-widget elementor-widget-heading\" data-id=\"dc985b8\" data-element_type=\"widget\" data-e-type=\"widget\" data-widget_type=\"heading.default\">\n\t\t\t\t<div class=\"elementor-widget-container\">\n\t\t\t\t\t<h2 class=\"elementor-heading-title elementor-size-default\">Novosti<\/h2>\t\t\t\t<\/div>\n\t\t\t\t<\/div>\n\t\t\t\t\t<\/div>\n\t\t<\/div>\n\t\t\t\t\t<\/div>\n\t\t<\/section>\n\t\t\t\t<section class=\"elementor-section elementor-top-section elementor-element elementor-element-7715425 elementor-section-boxed elementor-section-height-default elementor-section-height-default\" data-id=\"7715425\" data-element_type=\"section\" data-e-type=\"section\">\n\t\t\t\t\t\t<div class=\"elementor-container elementor-column-gap-default\">\n\t\t\t\t\t<div class=\"elementor-column elementor-col-100 elementor-top-column elementor-element elementor-element-8d5c73d\" data-id=\"8d5c73d\" data-element_type=\"column\" data-e-type=\"column\">\n\t\t\t<div class=\"elementor-widget-wrap elementor-element-populated\">\n\t\t\t\t\t\t<div class=\"elementor-element elementor-element-1181a34 uael-post__link-complete-yes elementor-widget elementor-widget-uael-posts\" data-id=\"1181a34\" data-element_type=\"widget\" data-e-type=\"widget\" data-settings=\"{&quot;feed_slides_to_show_tablet&quot;:2,&quot;feed_slides_to_show_mobile&quot;:1,&quot;feed_pagination_type&quot;:&quot;ajax&quot;,&quot;feed_show_filters&quot;:&quot;no&quot;}\" data-widget_type=\"uael-posts.feed\">\n\t\t\t\t<div class=\"elementor-widget-container\">\n\t\t\t\t\t\t\t<div class=\"uael-post__header\">\n\t\t\t\t\t<\/div>\n\t\t<div class=\"uael-post__body\">\n\t\t\t\n\t\t\n\t\t<div class=\"uael-post-grid uael-posts\" data-query-type=\"custom\" data-structure=\"\" data-layout=\"\" data-page=\"3647\" data-skin=\"feed\" data-filter-default=\"\" data-offset-top=\"30\" >\n\n\t\t\t\t\t\t\t<div class=\"uael-post-grid__inner uael-post__columns-1 uael-post__columns-tablet-1 uael-post__columns-mobile-1\">\n\t\t\t\n\n<div class=\"uael-post-wrapper  novosti \">\n\n\t<div class=\"uael-post__bg-wrap\">\n\t\t\t\t\t<a href=\"https:\/\/catholic-su.rs\/hr\/duhovna-obnova-za-svecenike-suboticke-biskupije\/\" target=\"_self\" class=\"uael-post__complete-box-overlay\" aria-label=\"Link Complete Box\"><\/a>\n\t\t\n\t\t\n\t\t<div class=\"uael-post__inner-wrap \">\n\n\t\t\t\t<div class=\"uael-post__thumbnail\">\n\t\t\t\n\t\t\t<a href=\"https:\/\/catholic-su.rs\/hr\/duhovna-obnova-za-svecenike-suboticke-biskupije\/\" target=\"_self\" title=\"Duhovna obnova za sve\u010denike Suboti\u010dke biskupije\"><img decoding=\"async\" src=\"https:\/\/catholic-su.rs\/wp-content\/uploads\/elementor\/thumbs\/viber_image_2026-08-31_12-46-56-787-rspq3jxqgeaqrdql0gzu0ejtt3ujleskfcfn8cjzq8.jpg\" title=\"viber_image_2026-08-31_12-46-56-787\" alt=\"viber_image_2026-08-31_12-46-56-787\" loading=\"lazy\" \/><\/a>\n\t\t\t\t\t<\/div>\n\t\t\n\t\t\t\n\t\t\t<div class=\"uael-post__content-wrap\">\n\n\t\t\t\t\t<h3 class=\"uael-post__title\">\n\n\t\t\n\t\t\t\t\t\t<a href=\"https:\/\/catholic-su.rs\/hr\/duhovna-obnova-za-svecenike-suboticke-biskupije\/\" target=\"_self\">\n\t\t\t\tDuhovna obnova za sve\u010denike Suboti\u010dke biskupije\t\t\t<\/a>\n\n\t\t\t\t<\/h3>\n\t\t<div class=\"uael-post__separator\"><\/div>\n\t\t<div class=\"uael-post__excerpt\">\n\t\t\tNakon proslave Bunari\u0107kog pro\u0161tenja 31. kolovoza u Pastoralnom centru Augustinianum odr\u017eana je duhovna obnova za sve\u0107enike Suboti\u010dke biskupije koju je predvodio biskup Zrenjaninske biskupije mons. ...\t\t<\/div>\n\n\t\t\t\t\t<div class=\"uael-post__meta-data\">\n\t\t\t\t\t<span class=\"uael-post__date\">\n\t\t\t\t\t\t\t\t\t\t\t\t\t<i aria-hidden=\"true\" class=\"fa fa-calendar\"><\/i>\t\t\t\t\t\t\t\t\t\n\t\t\t31. kolovoza 2026.\t\t<\/span>\n\t\t\t\t<\/div>\n\t\t\t\t\t<a class=\"uael-post__read-more elementor-button\" href=\"https:\/\/catholic-su.rs\/hr\/duhovna-obnova-za-svecenike-suboticke-biskupije\/\" target=\"_self\" aria-labelledby=\"uael-post-48679\">\n\t\t\t\t\t<span class=\"elementor-button-content-wrapper\">\n\t\t\t\t\t\t\t\t\t\t\t\t\t\t<span class=\"elementor-button-icon elementor-align-icon-left\">\n\n\t\t\t\t\t\t\t\t\t\n\t\t\t\t\t\t\t\t<\/span>\n\t\t\t\t\t\t\t\t\t\t\t\t\t\n\t\t\t\t\t\t<span class=\"elementor-button-text\" id=uael-post-48679>Pro\u010ditaj vi\u0161e \u2192<\/span>\n\t\t\t\t\t<\/span>\n\t\t\t\t<\/a>\n\t\t\t\t\t\t<\/div>\n\t\t\t\n\t\t<\/div>\n\t\t\n\t<\/div>\n\n<\/div>\n\n\n<div class=\"uael-post-wrapper  novosti \">\n\n\t<div class=\"uael-post__bg-wrap\">\n\t\t\t\t\t<a href=\"https:\/\/catholic-su.rs\/hr\/gospa-od-suza-uzor-i-utjeha\/\" target=\"_self\" class=\"uael-post__complete-box-overlay\" aria-label=\"Link Complete Box\"><\/a>\n\t\t\n\t\t\n\t\t<div class=\"uael-post__inner-wrap \">\n\n\t\t\t\t<div class=\"uael-post__thumbnail\">\n\t\t\t\n\t\t\t<a href=\"https:\/\/catholic-su.rs\/hr\/gospa-od-suza-uzor-i-utjeha\/\" target=\"_self\" title=\"Gospa od suza, uzor i utjeha\"><img decoding=\"async\" src=\"https:\/\/catholic-su.rs\/wp-content\/uploads\/elementor\/thumbs\/789934536_3160982307433373_1791879424431170527_n-rso6frjp6v9gp4cpqbn6m1x12k9mlzw3ligd53lc4g.jpg\" title=\"789934536_3160982307433373_1791879424431170527_n\" alt=\"789934536_3160982307433373_1791879424431170527_n\" loading=\"lazy\" \/><\/a>\n\t\t\t\t\t<\/div>\n\t\t\n\t\t\t\n\t\t\t<div class=\"uael-post__content-wrap\">\n\n\t\t\t\t\t<h3 class=\"uael-post__title\">\n\n\t\t\n\t\t\t\t\t\t<a href=\"https:\/\/catholic-su.rs\/hr\/gospa-od-suza-uzor-i-utjeha\/\" target=\"_self\">\n\t\t\t\tGospa od suza, uzor i utjeha\t\t\t<\/a>\n\n\t\t\t\t<\/h3>\n\t\t<div class=\"uael-post__separator\"><\/div>\n\t\t<div class=\"uael-post__excerpt\">\n\t\t\tPosljednja nedjelja u kolovozu godinama u nazad rezervirana je za Bunari\u0107ko pro\u0161tenje, za odlazak kod Gospe od suza koja je i ove godine okupila tisu\u0107e ...\t\t<\/div>\n\n\t\t\t\t\t<div class=\"uael-post__meta-data\">\n\t\t\t\t\t<span class=\"uael-post__date\">\n\t\t\t\t\t\t\t\t\t\t\t\t\t<i aria-hidden=\"true\" class=\"fa fa-calendar\"><\/i>\t\t\t\t\t\t\t\t\t\n\t\t\t30. kolovoza 2026.\t\t<\/span>\n\t\t\t\t<\/div>\n\t\t\t\t\t<a class=\"uael-post__read-more elementor-button\" href=\"https:\/\/catholic-su.rs\/hr\/gospa-od-suza-uzor-i-utjeha\/\" target=\"_self\" aria-labelledby=\"uael-post-48629\">\n\t\t\t\t\t<span class=\"elementor-button-content-wrapper\">\n\t\t\t\t\t\t\t\t\t\t\t\t\t\t<span class=\"elementor-button-icon elementor-align-icon-left\">\n\n\t\t\t\t\t\t\t\t\t\n\t\t\t\t\t\t\t\t<\/span>\n\t\t\t\t\t\t\t\t\t\t\t\t\t\n\t\t\t\t\t\t<span class=\"elementor-button-text\" id=uael-post-48629>Pro\u010ditaj vi\u0161e \u2192<\/span>\n\t\t\t\t\t<\/span>\n\t\t\t\t<\/a>\n\t\t\t\t\t\t<\/div>\n\t\t\t\n\t\t<\/div>\n\t\t\n\t<\/div>\n\n<\/div>\n\n\n<div class=\"uael-post-wrapper  novosti \">\n\n\t<div class=\"uael-post__bg-wrap\">\n\t\t\t\t\t<a href=\"https:\/\/catholic-su.rs\/hr\/cetvrta-obljetnica-smrti-biskupa-vecerina\/\" target=\"_self\" class=\"uael-post__complete-box-overlay\" aria-label=\"Link Complete Box\"><\/a>\n\t\t\n\t\t\n\t\t<div class=\"uael-post__inner-wrap \">\n\n\t\t\t\t<div class=\"uael-post__thumbnail\">\n\t\t\t\n\t\t\t<a href=\"https:\/\/catholic-su.rs\/hr\/cetvrta-obljetnica-smrti-biskupa-vecerina\/\" target=\"_self\" title=\"\u010cetvrta obljetnica smrti biskupa Ve\u010derina\"><img decoding=\"async\" src=\"https:\/\/catholic-su.rs\/wp-content\/uploads\/elementor\/thumbs\/viber_image_2025-08-26_20-22-06-643-rshl9v0tapiln44u39mxu2a8x0i8w808qtazj8ts4g.jpg\" title=\"viber_image_2025-08-26_20-22-06-643\" alt=\"viber_image_2025-08-26_20-22-06-643\" loading=\"lazy\" \/><\/a>\n\t\t\t\t\t<\/div>\n\t\t\n\t\t\t\n\t\t\t<div class=\"uael-post__content-wrap\">\n\n\t\t\t\t\t<h3 class=\"uael-post__title\">\n\n\t\t\n\t\t\t\t\t\t<a href=\"https:\/\/catholic-su.rs\/hr\/cetvrta-obljetnica-smrti-biskupa-vecerina\/\" target=\"_self\">\n\t\t\t\t\u010cetvrta obljetnica smrti biskupa Ve\u010derina\t\t\t<\/a>\n\n\t\t\t\t<\/h3>\n\t\t<div class=\"uael-post__separator\"><\/div>\n\t\t<div class=\"uael-post__excerpt\">\n\t\t\t\u010cetvrta obljetnica smrti biskupa mons. Slavka Ve\u010derina obilje\u017eena je 26. kolovoza. U katedrali sv. Terezije Avilske slu\u017eena je sveta misa koju je u zajedni\u0161tvu s ...\t\t<\/div>\n\n\t\t\t\t\t<div class=\"uael-post__meta-data\">\n\t\t\t\t\t<span class=\"uael-post__date\">\n\t\t\t\t\t\t\t\t\t\t\t\t\t<i aria-hidden=\"true\" class=\"fa fa-calendar\"><\/i>\t\t\t\t\t\t\t\t\t\n\t\t\t26. kolovoza 2026.\t\t<\/span>\n\t\t\t\t<\/div>\n\t\t\t\t\t<a class=\"uael-post__read-more elementor-button\" href=\"https:\/\/catholic-su.rs\/hr\/cetvrta-obljetnica-smrti-biskupa-vecerina\/\" target=\"_self\" aria-labelledby=\"uael-post-48508\">\n\t\t\t\t\t<span class=\"elementor-button-content-wrapper\">\n\t\t\t\t\t\t\t\t\t\t\t\t\t\t<span class=\"elementor-button-icon elementor-align-icon-left\">\n\n\t\t\t\t\t\t\t\t\t\n\t\t\t\t\t\t\t\t<\/span>\n\t\t\t\t\t\t\t\t\t\t\t\t\t\n\t\t\t\t\t\t<span class=\"elementor-button-text\" id=uael-post-48508>Pro\u010ditaj vi\u0161e \u2192<\/span>\n\t\t\t\t\t<\/span>\n\t\t\t\t<\/a>\n\t\t\t\t\t\t<\/div>\n\t\t\t\n\t\t<\/div>\n\t\t\n\t<\/div>\n\n<\/div>\n\n\n<div class=\"uael-post-wrapper  novosti \">\n\n\t<div class=\"uael-post__bg-wrap\">\n\t\t\t\t\t<a href=\"https:\/\/catholic-su.rs\/hr\/duzijanca-skola-zahvalnosti\/\" target=\"_self\" class=\"uael-post__complete-box-overlay\" aria-label=\"Link Complete Box\"><\/a>\n\t\t\n\t\t\n\t\t<div class=\"uael-post__inner-wrap \">\n\n\t\t\t\t<div class=\"uael-post__thumbnail\">\n\t\t\t\n\t\t\t<a href=\"https:\/\/catholic-su.rs\/hr\/duzijanca-skola-zahvalnosti\/\" target=\"_self\" title=\"\u00bbDu\u017eijanca\u00ab \u0161kola zahvalnosti\"><img decoding=\"async\" src=\"https:\/\/catholic-su.rs\/wp-content\/uploads\/elementor\/thumbs\/767032515_1667693500988800_5402785813189647611_n-rrr119mmx6ubnxs0jjph3hmxncy7llr4sw40nwil5s.jpg\" title=\"767032515_1667693500988800_5402785813189647611_n\" alt=\"767032515_1667693500988800_5402785813189647611_n\" loading=\"lazy\" \/><\/a>\n\t\t\t\t\t<\/div>\n\t\t\n\t\t\t\n\t\t\t<div class=\"uael-post__content-wrap\">\n\n\t\t\t\t\t<h3 class=\"uael-post__title\">\n\n\t\t\n\t\t\t\t\t\t<a href=\"https:\/\/catholic-su.rs\/hr\/duzijanca-skola-zahvalnosti\/\" target=\"_self\">\n\t\t\t\t\u00bbDu\u017eijanca\u00ab \u0161kola zahvalnosti\t\t\t<\/a>\n\n\t\t\t\t<\/h3>\n\t\t<div class=\"uael-post__separator\"><\/div>\n\t\t<div class=\"uael-post__excerpt\">\n\t\t\tDu\u017eijanca kao zahvala Bogu i pohvala \u010dovjeku proslavljena je 9. kolovoza svetom misom i sve\u010danom povorkom kroz grad, a prethodili su joj i dvije ve\u010deri ...\t\t<\/div>\n\n\t\t\t\t\t<div class=\"uael-post__meta-data\">\n\t\t\t\t\t<span class=\"uael-post__date\">\n\t\t\t\t\t\t\t\t\t\t\t\t\t<i aria-hidden=\"true\" class=\"fa fa-calendar\"><\/i>\t\t\t\t\t\t\t\t\t\n\t\t\t11. kolovoza 2026.\t\t<\/span>\n\t\t\t\t<\/div>\n\t\t\t\t\t<a class=\"uael-post__read-more elementor-button\" href=\"https:\/\/catholic-su.rs\/hr\/duzijanca-skola-zahvalnosti\/\" target=\"_self\" aria-labelledby=\"uael-post-48340\">\n\t\t\t\t\t<span class=\"elementor-button-content-wrapper\">\n\t\t\t\t\t\t\t\t\t\t\t\t\t\t<span class=\"elementor-button-icon elementor-align-icon-left\">\n\n\t\t\t\t\t\t\t\t\t\n\t\t\t\t\t\t\t\t<\/span>\n\t\t\t\t\t\t\t\t\t\t\t\t\t\n\t\t\t\t\t\t<span class=\"elementor-button-text\" id=uael-post-48340>Pro\u010ditaj vi\u0161e \u2192<\/span>\n\t\t\t\t\t<\/span>\n\t\t\t\t<\/a>\n\t\t\t\t\t\t<\/div>\n\t\t\t\n\t\t<\/div>\n\t\t\n\t<\/div>\n\n<\/div>\n\n\n<div class=\"uael-post-wrapper  novosti \">\n\n\t<div class=\"uael-post__bg-wrap\">\n\t\t\t\t\t<a href=\"https:\/\/catholic-su.rs\/hr\/cinimo-dobro-zajedno-caritas-subotica-moli-i-vasu-potporu\/\" target=\"_self\" class=\"uael-post__complete-box-overlay\" aria-label=\"Link Complete Box\"><\/a>\n\t\t\n\t\t\n\t\t<div class=\"uael-post__inner-wrap \">\n\n\t\t\t\t<div class=\"uael-post__thumbnail\">\n\t\t\t\n\t\t\t<a href=\"https:\/\/catholic-su.rs\/hr\/cinimo-dobro-zajedno-caritas-subotica-moli-i-vasu-potporu\/\" target=\"_self\" title=\"\u010cinimo dobro zajedno \u2013 Caritas Subotica moli i Va\u0161u potporu\"><img decoding=\"async\" src=\"https:\/\/catholic-su.rs\/wp-content\/uploads\/elementor\/thumbs\/742832127_1600929714811279_5177642810786515433_n-rq5en3aufc1s71ztmztnprmm8u68jxklu8mtt8lb4w.jpg\" title=\"742832127_1600929714811279_5177642810786515433_n\" alt=\"742832127_1600929714811279_5177642810786515433_n\" loading=\"lazy\" \/><\/a>\n\t\t\t\t\t<\/div>\n\t\t\n\t\t\t\n\t\t\t<div class=\"uael-post__content-wrap\">\n\n\t\t\t\t\t<h3 class=\"uael-post__title\">\n\n\t\t\n\t\t\t\t\t\t<a href=\"https:\/\/catholic-su.rs\/hr\/cinimo-dobro-zajedno-caritas-subotica-moli-i-vasu-potporu\/\" target=\"_self\">\n\t\t\t\t\u010cinimo dobro zajedno \u2013 Caritas Subotica moli i Va\u0161u potporu\t\t\t<\/a>\n\n\t\t\t\t<\/h3>\n\t\t<div class=\"uael-post__separator\"><\/div>\n\t\t<div class=\"uael-post__excerpt\">\n\t\t\tMolimo vas da nov\u010danom donacijom podr\u017eite humanitarni rad Caritasa Subotica. Va\u0161im prilogom mo\u017eete pru\u017eiti izravnu i u\u010dinkovitu pomo\u0107 socijalno ugro\u017eenim osobama koje \u017eive u te\u0161kim ...\t\t<\/div>\n\n\t\t\t\t\t<div class=\"uael-post__meta-data\">\n\t\t\t\t\t<span class=\"uael-post__date\">\n\t\t\t\t\t\t\t\t\t\t\t\t\t<i aria-hidden=\"true\" class=\"fa fa-calendar\"><\/i>\t\t\t\t\t\t\t\t\t\n\t\t\t9. srpnja 2026.\t\t<\/span>\n\t\t\t\t<\/div>\n\t\t\t\t\t<a class=\"uael-post__read-more elementor-button\" href=\"https:\/\/catholic-su.rs\/hr\/cinimo-dobro-zajedno-caritas-subotica-moli-i-vasu-potporu\/\" target=\"_self\" aria-labelledby=\"uael-post-48311\">\n\t\t\t\t\t<span class=\"elementor-button-content-wrapper\">\n\t\t\t\t\t\t\t\t\t\t\t\t\t\t<span class=\"elementor-button-icon elementor-align-icon-left\">\n\n\t\t\t\t\t\t\t\t\t\n\t\t\t\t\t\t\t\t<\/span>\n\t\t\t\t\t\t\t\t\t\t\t\t\t\n\t\t\t\t\t\t<span class=\"elementor-button-text\" id=uael-post-48311>Pro\u010ditaj vi\u0161e \u2192<\/span>\n\t\t\t\t\t<\/span>\n\t\t\t\t<\/a>\n\t\t\t\t\t\t<\/div>\n\t\t\t\n\t\t<\/div>\n\t\t\n\t<\/div>\n\n<\/div>\n\n\n<div class=\"uael-post-wrapper  novosti \">\n\n\t<div class=\"uael-post__bg-wrap\">\n\t\t\t\t\t<a href=\"https:\/\/catholic-su.rs\/hr\/proslava-svetkovine-sv-pavla-u-subotickoj-katedrali-zajednicko-svjedocanstvo-vjere\/\" target=\"_self\" class=\"uael-post__complete-box-overlay\" aria-label=\"Link Complete Box\"><\/a>\n\t\t\n\t\t\n\t\t<div class=\"uael-post__inner-wrap \">\n\n\t\t\t\t<div class=\"uael-post__thumbnail\">\n\t\t\t\n\t\t\t<a href=\"https:\/\/catholic-su.rs\/hr\/proslava-svetkovine-sv-pavla-u-subotickoj-katedrali-zajednicko-svjedocanstvo-vjere\/\" target=\"_self\" title=\"Proslava svetkovine sv. Pavla u suboti\u010dkoj katedrali \u2013 zajedni\u010dko svjedo\u010danstvo vjere\"><img decoding=\"async\" src=\"https:\/\/catholic-su.rs\/wp-content\/uploads\/elementor\/thumbs\/viber_image_2026-06-30_20-45-03-470-rpqgntd9ovpip61kxdt2n15k3t0ebutv34gyvkn7vk.jpg\" title=\"viber_image_2026-06-30_20-45-03-470\" alt=\"viber_image_2026-06-30_20-45-03-470\" loading=\"lazy\" \/><\/a>\n\t\t\t\t\t<\/div>\n\t\t\n\t\t\t\n\t\t\t<div class=\"uael-post__content-wrap\">\n\n\t\t\t\t\t<h3 class=\"uael-post__title\">\n\n\t\t\n\t\t\t\t\t\t<a href=\"https:\/\/catholic-su.rs\/hr\/proslava-svetkovine-sv-pavla-u-subotickoj-katedrali-zajednicko-svjedocanstvo-vjere\/\" target=\"_self\">\n\t\t\t\tProslava svetkovine sv. Pavla u suboti\u010dkoj katedrali \u2013 zajedni\u010dko svjedo\u010danstvo vjere\t\t\t<\/a>\n\n\t\t\t\t<\/h3>\n\t\t<div class=\"uael-post__separator\"><\/div>\n\t\t<div class=\"uael-post__excerpt\">\n\t\t\tDan nakon svetkovine sv. Pavla 30. lipnja, u katedrali sv. Terezije Avilske u Subotici sve\u010danim euharistijskim slavljem proslavljen je za\u0161titnik Suboti\u010dke biskupije \u2013 sveti apostol ...\t\t<\/div>\n\n\t\t\t\t\t<div class=\"uael-post__meta-data\">\n\t\t\t\t\t<span class=\"uael-post__date\">\n\t\t\t\t\t\t\t\t\t\t\t\t\t<i aria-hidden=\"true\" class=\"fa fa-calendar\"><\/i>\t\t\t\t\t\t\t\t\t\n\t\t\t30. lipnja 2026.\t\t<\/span>\n\t\t\t\t<\/div>\n\t\t\t\t\t<a class=\"uael-post__read-more elementor-button\" href=\"https:\/\/catholic-su.rs\/hr\/proslava-svetkovine-sv-pavla-u-subotickoj-katedrali-zajednicko-svjedocanstvo-vjere\/\" target=\"_self\" aria-labelledby=\"uael-post-48210\">\n\t\t\t\t\t<span class=\"elementor-button-content-wrapper\">\n\t\t\t\t\t\t\t\t\t\t\t\t\t\t<span class=\"elementor-button-icon elementor-align-icon-left\">\n\n\t\t\t\t\t\t\t\t\t\n\t\t\t\t\t\t\t\t<\/span>\n\t\t\t\t\t\t\t\t\t\t\t\t\t\n\t\t\t\t\t\t<span class=\"elementor-button-text\" id=uael-post-48210>Pro\u010ditaj vi\u0161e \u2192<\/span>\n\t\t\t\t\t<\/span>\n\t\t\t\t<\/a>\n\t\t\t\t\t\t<\/div>\n\t\t\t\n\t\t<\/div>\n\t\t\n\t<\/div>\n\n<\/div>\n\n\n<div class=\"uael-post-wrapper  novosti \">\n\n\t<div class=\"uael-post__bg-wrap\">\n\t\t\t\t\t<a href=\"https:\/\/catholic-su.rs\/hr\/dan-vjeroucitelja-u-dakovu\/\" target=\"_self\" class=\"uael-post__complete-box-overlay\" aria-label=\"Link Complete Box\"><\/a>\n\t\t\n\t\t\n\t\t<div class=\"uael-post__inner-wrap \">\n\n\t\t\t\t<div class=\"uael-post__thumbnail\">\n\t\t\t\n\t\t\t<a href=\"https:\/\/catholic-su.rs\/hr\/dan-vjeroucitelja-u-dakovu\/\" target=\"_self\" title=\"Dan vjerou\u010ditelja u \u0110akovu\"><img decoding=\"async\" src=\"https:\/\/catholic-su.rs\/wp-content\/uploads\/elementor\/thumbs\/Adobe-Express-file-rpabyg71pxu7a095kx9niff4gowcptz4v645hx8m8w.jpg\" title=\"Adobe Express \u2013 file\" alt=\"Adobe Express - file\" loading=\"lazy\" \/><\/a>\n\t\t\t\t\t<\/div>\n\t\t\n\t\t\t\n\t\t\t<div class=\"uael-post__content-wrap\">\n\n\t\t\t\t\t<h3 class=\"uael-post__title\">\n\n\t\t\n\t\t\t\t\t\t<a href=\"https:\/\/catholic-su.rs\/hr\/dan-vjeroucitelja-u-dakovu\/\" target=\"_self\">\n\t\t\t\tDan vjerou\u010ditelja u \u0110akovu\t\t\t<\/a>\n\n\t\t\t\t<\/h3>\n\t\t<div class=\"uael-post__separator\"><\/div>\n\t\t<div class=\"uael-post__excerpt\">\n\t\t\tVjerou\u010ditelji Suboti\u010dke biskupije, njih 27 sudjelovali su 20. lipnja na zajedni\u010dkom Danu vjerou\u010ditelja koji je organizirala \u0110akova\u010dko-osje\u010dka nadbiskupija u \u0110akovu. Ovom prigodom susreli su se ...\t\t<\/div>\n\n\t\t\t\t\t<div class=\"uael-post__meta-data\">\n\t\t\t\t\t<span class=\"uael-post__date\">\n\t\t\t\t\t\t\t\t\t\t\t\t\t<i aria-hidden=\"true\" class=\"fa fa-calendar\"><\/i>\t\t\t\t\t\t\t\t\t\n\t\t\t21. lipnja 2026.\t\t<\/span>\n\t\t\t\t<\/div>\n\t\t\t\t\t<a class=\"uael-post__read-more elementor-button\" href=\"https:\/\/catholic-su.rs\/hr\/dan-vjeroucitelja-u-dakovu\/\" target=\"_self\" aria-labelledby=\"uael-post-48191\">\n\t\t\t\t\t<span class=\"elementor-button-content-wrapper\">\n\t\t\t\t\t\t\t\t\t\t\t\t\t\t<span class=\"elementor-button-icon elementor-align-icon-left\">\n\n\t\t\t\t\t\t\t\t\t\n\t\t\t\t\t\t\t\t<\/span>\n\t\t\t\t\t\t\t\t\t\t\t\t\t\n\t\t\t\t\t\t<span class=\"elementor-button-text\" id=uael-post-48191>Pro\u010ditaj vi\u0161e \u2192<\/span>\n\t\t\t\t\t<\/span>\n\t\t\t\t<\/a>\n\t\t\t\t\t\t<\/div>\n\t\t\t\n\t\t<\/div>\n\t\t\n\t<\/div>\n\n<\/div>\n\n\n<div class=\"uael-post-wrapper  novosti \">\n\n\t<div class=\"uael-post__bg-wrap\">\n\t\t\t\t\t<a href=\"https:\/\/catholic-su.rs\/hr\/svetkovina-sv-pavla-zastitnika-suboticke-biskupije\/\" target=\"_self\" class=\"uael-post__complete-box-overlay\" aria-label=\"Link Complete Box\"><\/a>\n\t\t\n\t\t\n\t\t<div class=\"uael-post__inner-wrap \">\n\n\t\t\t\t<div class=\"uael-post__thumbnail\">\n\t\t\t\n\t\t\t<a href=\"https:\/\/catholic-su.rs\/hr\/svetkovina-sv-pavla-zastitnika-suboticke-biskupije\/\" target=\"_self\" title=\"Svetkovina sv. Pavla &#8211; za\u0161titnika Suboti\u010dke biskupije\"><img decoding=\"async\" src=\"https:\/\/catholic-su.rs\/wp-content\/uploads\/elementor\/thumbs\/SzentPal-Junius_600x750-rp06y7igvlu7tz6rczdeqblv9zh3jw4nl0isvkem5c.png\" title=\"SzentPal-Junius_600x750\" alt=\"SzentPal-Junius_600x750\" loading=\"lazy\" \/><\/a>\n\t\t\t\t\t<\/div>\n\t\t\n\t\t\t\n\t\t\t<div class=\"uael-post__content-wrap\">\n\n\t\t\t\t\t<h3 class=\"uael-post__title\">\n\n\t\t\n\t\t\t\t\t\t<a href=\"https:\/\/catholic-su.rs\/hr\/svetkovina-sv-pavla-zastitnika-suboticke-biskupije\/\" target=\"_self\">\n\t\t\t\tSvetkovina sv. Pavla &#8211; za\u0161titnika Suboti\u010dke biskupije\t\t\t<\/a>\n\n\t\t\t\t<\/h3>\n\t\t<div class=\"uael-post__separator\"><\/div>\n\t\t<div class=\"uael-post__excerpt\">\n\t\t\tProslavimo zajedno svetog Pavla apostola, za\u0161titnika Suboti\u010dke biskupije!\t\t<\/div>\n\n\t\t\t\t\t<div class=\"uael-post__meta-data\">\n\t\t\t\t\t<span class=\"uael-post__date\">\n\t\t\t\t\t\t\t\t\t\t\t\t\t<i aria-hidden=\"true\" class=\"fa fa-calendar\"><\/i>\t\t\t\t\t\t\t\t\t\n\t\t\t15. lipnja 2026.\t\t<\/span>\n\t\t\t\t<\/div>\n\t\t\t\t\t<a class=\"uael-post__read-more elementor-button\" href=\"https:\/\/catholic-su.rs\/hr\/svetkovina-sv-pavla-zastitnika-suboticke-biskupije\/\" target=\"_self\" aria-labelledby=\"uael-post-48126\">\n\t\t\t\t\t<span class=\"elementor-button-content-wrapper\">\n\t\t\t\t\t\t\t\t\t\t\t\t\t\t<span class=\"elementor-button-icon elementor-align-icon-left\">\n\n\t\t\t\t\t\t\t\t\t\n\t\t\t\t\t\t\t\t<\/span>\n\t\t\t\t\t\t\t\t\t\t\t\t\t\n\t\t\t\t\t\t<span class=\"elementor-button-text\" id=uael-post-48126>Pro\u010ditaj vi\u0161e \u2192<\/span>\n\t\t\t\t\t<\/span>\n\t\t\t\t<\/a>\n\t\t\t\t\t\t<\/div>\n\t\t\t\n\t\t<\/div>\n\t\t\n\t<\/div>\n\n<\/div>\n\n\n<div class=\"uael-post-wrapper  novosti \">\n\n\t<div class=\"uael-post__bg-wrap\">\n\t\t\t\t\t<a href=\"https:\/\/catholic-su.rs\/hr\/proslavljena-svetkovina-tijela-i-krvi-kristove-s-presvetim-ponovno-na-ulicama-grada\/\" target=\"_self\" class=\"uael-post__complete-box-overlay\" aria-label=\"Link Complete Box\"><\/a>\n\t\t\n\t\t\n\t\t<div class=\"uael-post__inner-wrap \">\n\n\t\t\t\t<div class=\"uael-post__thumbnail\">\n\t\t\t\n\t\t\t<a href=\"https:\/\/catholic-su.rs\/hr\/proslavljena-svetkovina-tijela-i-krvi-kristove-s-presvetim-ponovno-na-ulicama-grada\/\" target=\"_self\" title=\"Proslavljena svetkovina Tijela i Krvi Kristove \u2013 s Presvetim ponovno na ulicama grada \u00a0\"><img decoding=\"async\" src=\"https:\/\/catholic-su.rs\/wp-content\/uploads\/elementor\/thumbs\/viber_image_2026-06-04_21-27-54-941-roh6g7jedessvv2ebuca1582h6r3q63lyfx0brcdr4.jpg\" title=\"viber_image_2026-06-04_21-27-54-941\" alt=\"viber_image_2026-06-04_21-27-54-941\" loading=\"lazy\" \/><\/a>\n\t\t\t\t\t<\/div>\n\t\t\n\t\t\t\n\t\t\t<div class=\"uael-post__content-wrap\">\n\n\t\t\t\t\t<h3 class=\"uael-post__title\">\n\n\t\t\n\t\t\t\t\t\t<a href=\"https:\/\/catholic-su.rs\/hr\/proslavljena-svetkovina-tijela-i-krvi-kristove-s-presvetim-ponovno-na-ulicama-grada\/\" target=\"_self\">\n\t\t\t\tProslavljena svetkovina Tijela i Krvi Kristove \u2013 s Presvetim ponovno na ulicama grada \u00a0\t\t\t<\/a>\n\n\t\t\t\t<\/h3>\n\t\t<div class=\"uael-post__separator\"><\/div>\n\t\t<div class=\"uael-post__excerpt\">\n\t\t\tNakon gotovo 30 godina u Subotici je na svetkovinu Tijela i Krvi Kristove \u2013 na Tijelovo, 4. lipnja ponovno organizirana procesija od katedrale sv. Terezije ...\t\t<\/div>\n\n\t\t\t\t\t<div class=\"uael-post__meta-data\">\n\t\t\t\t\t<span class=\"uael-post__date\">\n\t\t\t\t\t\t\t\t\t\t\t\t\t<i aria-hidden=\"true\" class=\"fa fa-calendar\"><\/i>\t\t\t\t\t\t\t\t\t\n\t\t\t4. lipnja 2026.\t\t<\/span>\n\t\t\t\t<\/div>\n\t\t\t\t\t<a class=\"uael-post__read-more elementor-button\" href=\"https:\/\/catholic-su.rs\/hr\/proslavljena-svetkovina-tijela-i-krvi-kristove-s-presvetim-ponovno-na-ulicama-grada\/\" target=\"_self\" aria-labelledby=\"uael-post-47952\">\n\t\t\t\t\t<span class=\"elementor-button-content-wrapper\">\n\t\t\t\t\t\t\t\t\t\t\t\t\t\t<span class=\"elementor-button-icon elementor-align-icon-left\">\n\n\t\t\t\t\t\t\t\t\t\n\t\t\t\t\t\t\t\t<\/span>\n\t\t\t\t\t\t\t\t\t\t\t\t\t\n\t\t\t\t\t\t<span class=\"elementor-button-text\" id=uael-post-47952>Pro\u010ditaj vi\u0161e \u2192<\/span>\n\t\t\t\t\t<\/span>\n\t\t\t\t<\/a>\n\t\t\t\t\t\t<\/div>\n\t\t\t\n\t\t<\/div>\n\t\t\n\t<\/div>\n\n<\/div>\n\n\n<div class=\"uael-post-wrapper  novosti \">\n\n\t<div class=\"uael-post__bg-wrap\">\n\t\t\t\t\t<a href=\"https:\/\/catholic-su.rs\/hr\/susret-mladih-suboticke-biskupije\/\" target=\"_self\" class=\"uael-post__complete-box-overlay\" aria-label=\"Link Complete Box\"><\/a>\n\t\t\n\t\t\n\t\t<div class=\"uael-post__inner-wrap \">\n\n\t\t\t\t<div class=\"uael-post__thumbnail\">\n\t\t\t\n\t\t\t<a href=\"https:\/\/catholic-su.rs\/hr\/susret-mladih-suboticke-biskupije\/\" target=\"_self\" title=\"Susret mladih Suboti\u010dke biskupije\"><img decoding=\"async\" src=\"https:\/\/catholic-su.rs\/wp-content\/uploads\/elementor\/thumbs\/700102233_1302841015158341_9216865683646831876_n-rnsgip605bv3alc5vyapg768ehka7oekvhl8lnoh40.jpg\" title=\"700102233_1302841015158341_9216865683646831876_n\" alt=\"700102233_1302841015158341_9216865683646831876_n\" loading=\"lazy\" \/><\/a>\n\t\t\t\t\t<\/div>\n\t\t\n\t\t\t\n\t\t\t<div class=\"uael-post__content-wrap\">\n\n\t\t\t\t\t<h3 class=\"uael-post__title\">\n\n\t\t\n\t\t\t\t\t\t<a href=\"https:\/\/catholic-su.rs\/hr\/susret-mladih-suboticke-biskupije\/\" target=\"_self\">\n\t\t\t\tSusret mladih Suboti\u010dke biskupije\t\t\t<\/a>\n\n\t\t\t\t<\/h3>\n\t\t<div class=\"uael-post__separator\"><\/div>\n\t\t<div class=\"uael-post__excerpt\">\n\t\t\tSusret mladih Suboti\u010dke biskupije, koji se desetlje\u0107ima odr\u017eavao u Ba\u010du, pro\u0161le je godine prvi put premje\u0161ten u biskupijsko sveti\u0161te Bunari\u0107. Tako je bilo planirano i ...\t\t<\/div>\n\n\t\t\t\t\t<div class=\"uael-post__meta-data\">\n\t\t\t\t\t<span class=\"uael-post__date\">\n\t\t\t\t\t\t\t\t\t\t\t\t\t<i aria-hidden=\"true\" class=\"fa fa-calendar\"><\/i>\t\t\t\t\t\t\t\t\t\n\t\t\t18. svibnja 2026.\t\t<\/span>\n\t\t\t\t<\/div>\n\t\t\t\t\t<a class=\"uael-post__read-more elementor-button\" href=\"https:\/\/catholic-su.rs\/hr\/susret-mladih-suboticke-biskupije\/\" target=\"_self\" aria-labelledby=\"uael-post-47841\">\n\t\t\t\t\t<span class=\"elementor-button-content-wrapper\">\n\t\t\t\t\t\t\t\t\t\t\t\t\t\t<span class=\"elementor-button-icon elementor-align-icon-left\">\n\n\t\t\t\t\t\t\t\t\t\n\t\t\t\t\t\t\t\t<\/span>\n\t\t\t\t\t\t\t\t\t\t\t\t\t\n\t\t\t\t\t\t<span class=\"elementor-button-text\" id=uael-post-47841>Pro\u010ditaj vi\u0161e \u2192<\/span>\n\t\t\t\t\t<\/span>\n\t\t\t\t<\/a>\n\t\t\t\t\t\t<\/div>\n\t\t\t\n\t\t<\/div>\n\t\t\n\t<\/div>\n\n<\/div>\n\t\t\t\t<\/div>\n\t\t\t\t\t\t\n\t\t<\/div>\n\n\t\t\t\t\t\t<\/div>\n\t\t<div class=\"uael-post__footer\">\n\t\t\t\t\t\t<nav class=\"uael-grid-pagination\"  role=\"navigation\" aria-label=\"Pagination\" data-total=\"13\" data-next-page=\"2\">\n\t\t\t\t<span aria-current=\"page\" class=\"page-numbers current\">1<\/span>\n<a class=\"page-numbers\" href=\"https:\/\/catholic-su.rs\/hr\/wp-json\/wp\/v2\/pages\/3647\/page\/2\/\">2<\/a>\n<a class=\"page-numbers\" href=\"https:\/\/catholic-su.rs\/hr\/wp-json\/wp\/v2\/pages\/3647\/page\/3\/\">3<\/a>\n<span class=\"page-numbers dots\">&hellip;<\/span>\n<a class=\"page-numbers\" href=\"https:\/\/catholic-su.rs\/hr\/wp-json\/wp\/v2\/pages\/3647\/page\/13\/\">13<\/a>\n<a class=\"next page-numbers\" href=\"https:\/\/catholic-su.rs\/hr\/wp-json\/wp\/v2\/pages\/3647\/page\/2\/\">Sljede\u0107e &raquo;<\/a>\n\t\t\t<\/nav>\n\n\t\t\t\t\t<\/div>\n\t\t\t\t\t\t<\/div>\n\t\t\t\t<\/div>\n\t\t\t\t\t<\/div>\n\t\t<\/div>\n\t\t\t\t\t<\/div>\n\t\t<\/section>\n\t\t\t\t<\/div>\n\t\t","protected":false},"excerpt":{"rendered":"<p> [&hellip;]<\/p>\n","protected":false},"author":1,"featured_media":0,"parent":0,"menu_order":0,"comment_status":"closed","ping_status":"closed","template":"","meta":{"site-sidebar-layout":"no-sidebar","site-content-layout":"page-builder","ast-site-content-layout":"full-width-container","site-content-style":"unboxed","site-sidebar-style":"unboxed","ast-global-header-display":"","ast-banner-title-visibility":"","ast-main-header-display":"","ast-hfb-above-header-display":"","ast-hfb-below-header-display":"","ast-hfb-mobile-header-display":"","site-post-title":"disabled","ast-breadcrumbs-content":"","ast-featured-img":"disabled","footer-sml-layout":"","ast-disable-related-posts":"","theme-transparent-header-meta":"default","adv-header-id-meta":"","stick-header-meta":"default","header-above-stick-meta":"","header-main-stick-meta":"","header-below-stick-meta":"","astra-migrate-meta-layouts":"set","ast-page-background-enabled":"default","ast-page-background-meta":{"desktop":{"background-color":"","background-image":"","background-repeat":"repeat","background-position":"center center","background-size":"auto","background-attachment":"scroll","background-type":"","background-media":"","overlay-type":"","overlay-color":"","overlay-opacity":"","overlay-gradient":""},"tablet":{"background-color":"","background-image":"","background-repeat":"repeat","background-position":"center center","background-size":"auto","background-attachment":"scroll","background-type":"","background-media":"","overlay-type":"","overlay-color":"","overlay-opacity":"","overlay-gradient":""},"mobile":{"background-color":"","background-image":"","background-repeat":"repeat","background-position":"center center","background-size":"auto","background-attachment":"scroll","background-type":"","background-media":"","overlay-type":"","overlay-color":"","overlay-opacity":"","overlay-gradient":""}},"ast-content-background-meta":{"desktop":{"background-color":"var(--ast-global-color-5)","background-image":"","background-repeat":"repeat","background-position":"center center","background-size":"auto","background-attachment":"scroll","background-type":"","background-media":"","overlay-type":"","overlay-color":"","overlay-opacity":"","overlay-gradient":""},"tablet":{"background-color":"var(--ast-global-color-5)","background-image":"","background-repeat":"repeat","background-position":"center center","background-size":"auto","background-attachment":"scroll","background-type":"","background-media":"","overlay-type":"","overlay-color":"","overlay-opacity":"","overlay-gradient":""},"mobile":{"background-color":"var(--ast-global-color-5)","background-image":"","background-repeat":"repeat","background-position":"center center","background-size":"auto","background-attachment":"scroll","background-type":"","background-media":"","overlay-type":"","overlay-color":"","overlay-opacity":"","overlay-gradient":""}},"footnotes":""},"class_list":["post-3647","page","type-page","status-publish","hentry"],"_links":{"self":[{"href":"https:\/\/catholic-su.rs\/hr\/wp-json\/wp\/v2\/pages\/3647","targetHints":{"allow":["GET"]}}],"collection":[{"href":"https:\/\/catholic-su.rs\/hr\/wp-json\/wp\/v2\/pages"}],"about":[{"href":"https:\/\/catholic-su.rs\/hr\/wp-json\/wp\/v2\/types\/page"}],"author":[{"embeddable":true,"href":"https:\/\/catholic-su.rs\/hr\/wp-json\/wp\/v2\/users\/1"}],"replies":[{"embeddable":true,"href":"https:\/\/catholic-su.rs\/hr\/wp-json\/wp\/v2\/comments?post=3647"}],"version-history":[{"count":5,"href":"https:\/\/catholic-su.rs\/hr\/wp-json\/wp\/v2\/pages\/3647\/revisions"}],"predecessor-version":[{"id":41789,"href":"https:\/\/catholic-su.rs\/hr\/wp-json\/wp\/v2\/pages\/3647\/revisions\/41789"}],"wp:attachment":[{"href":"https:\/\/catholic-su.rs\/hr\/wp-json\/wp\/v2\/media?parent=3647"}],"curies":[{"name":"wp","href":"https:\/\/api.w.org\/{rel}","templated":true}]}}